{"id":295,"date":"2025-06-07T10:39:07","date_gmt":"2025-06-07T10:39:07","guid":{"rendered":"https:\/\/allfixpro.de\/?page_id=295"},"modified":"2025-07-03T09:18:54","modified_gmt":"2025-07-03T09:18:54","slug":"blog","status":"publish","type":"page","link":"https:\/\/allfixpro.de\/es\/blog\/","title":{"rendered":"BLOG"},"content":{"rendered":"<style>.elementor-295 .elementor-element.elementor-element-2272bf3{--display:flex;--flex-direction:row;--container-widget-width:calc( ( 1 - var( --container-widget-flex-grow ) ) * 100% );--container-widget-height:100%;--container-widget-flex-grow:1;--container-widget-align-self:stretch;--flex-wrap-mobile:wrap;--align-items:stretch;--gap:10px 10px;--row-gap:10px;--column-gap:10px;--overlay-opacity:0.6;--margin-top:-50px;--margin-bottom:0px;--margin-left:0px;--margin-right:0px;--padding-top:200px;--padding-bottom:200px;--padding-left:0px;--padding-right:0px;}.elementor-295 .elementor-element.elementor-element-2272bf3:not(.elementor-motion-effects-element-type-background), .elementor-295 .elementor-element.elementor-element-2272bf3 > .elementor-motion-effects-container > .elementor-motion-effects-layer{background-color:#0E0A0A;background-image:url(\"https:\/\/allfixpro.de\/wp-content\/uploads\/2025\/07\/dizajn-bez-nazvaniya-29.jpg\");background-position:top center;background-repeat:no-repeat;background-size:cover;}.elementor-295 .elementor-element.elementor-element-2272bf3::before, .elementor-295 .elementor-element.elementor-element-2272bf3 > .elementor-background-video-container::before, .elementor-295 .elementor-element.elementor-element-2272bf3 > .e-con-inner > .elementor-background-video-container::before, .elementor-295 .elementor-element.elementor-element-2272bf3 > .elementor-background-slideshow::before, .elementor-295 .elementor-element.elementor-element-2272bf3 > .e-con-inner > .elementor-background-slideshow::before, .elementor-295 .elementor-element.elementor-element-2272bf3 > .elementor-motion-effects-container > .elementor-motion-effects-layer::before{--background-overlay:'';background-color:#A27E7E3D;}.elementor-295 .elementor-element.elementor-element-d1683c4{--display:flex;--margin-top:0px;--margin-bottom:0px;--margin-left:0px;--margin-right:0px;--padding-top:0px;--padding-bottom:0px;--padding-left:0px;--padding-right:0px;}.elementor-295 .elementor-element.elementor-element-09707df .elementor-heading-title{font-size:115px;color:#FFFFFF;}.elementor-295 .elementor-element.elementor-element-09707df > .elementor-widget-container{padding:0% 0% 0% 20%;}.elementor-295 .elementor-element.elementor-element-b508ecd .elementor-heading-title{font-size:67px;color:#FF6633;}.elementor-295 .elementor-element.elementor-element-b508ecd > .elementor-widget-container{padding:0% 0% 0% 20%;}.elementor-295 .elementor-element.elementor-element-3decdb0{--divider-border-style:solid;--divider-color:#FFFFFF;--divider-border-width:3.1px;}.elementor-295 .elementor-element.elementor-element-3decdb0 .elementor-divider-separator{width:200px;}.elementor-295 .elementor-element.elementor-element-3decdb0 .elementor-divider{padding-block-start:0px;padding-block-end:0px;}.elementor-295 .elementor-element.elementor-element-3decdb0 > .elementor-widget-container{padding:0% 0% 0% 20%;}.elementor-295 .elementor-element.elementor-element-6f32e6a8:not(.elementor-motion-effects-element-type-background), .elementor-295 .elementor-element.elementor-element-6f32e6a8 > .elementor-motion-effects-container > .elementor-motion-effects-layer{background-color:var( --e-global-color-text );}.elementor-295 .elementor-element.elementor-element-6f32e6a8 > .elementor-background-overlay{background-image:url(\"https:\/\/allfixpro.de\/wp-content\/uploads\/2025\/06\/dark-abstract-backgrounds-03-krdpl8.jpg\");background-position:center center;background-repeat:no-repeat;background-size:cover;opacity:0.8;transition:background 0.3s, border-radius 0.3s, opacity 0.3s;}.elementor-295 .elementor-element.elementor-element-6f32e6a8{transition:background 0.3s, border 0.3s, border-radius 0.3s, box-shadow 0.3s;margin:0px 0px 0px 0px;padding:0px 0px 0px 0px;}.elementor-295 .elementor-element.elementor-element-4188791c > .elementor-element-populated{margin:0px 0px 0px 0px;--e-column-margin-right:0px;--e-column-margin-left:0px;padding:100px 200px 100px 200px;}.elementor-295 .elementor-element.elementor-element-6b2ebc5a{--spacer-size:30px;}.elementor-295 .elementor-element.elementor-element-66a75b67{--spacer-size:30px;}@media(max-width:1024px){.elementor-295 .elementor-element.elementor-element-2272bf3{--margin-top:-50px;--margin-bottom:0px;--margin-left:0px;--margin-right:0px;--padding-top:160px;--padding-bottom:160px;--padding-left:0px;--padding-right:0px;}.elementor-295 .elementor-element.elementor-element-d1683c4{--padding-top:0px;--padding-bottom:0px;--padding-left:30px;--padding-right:0px;}.elementor-295 .elementor-element.elementor-element-09707df .elementor-heading-title{font-size:75px;}.elementor-295 .elementor-element.elementor-element-b508ecd .elementor-heading-title{font-size:43px;}.elementor-295 .elementor-element.elementor-element-3decdb0 .elementor-divider-separator{width:160px;}.elementor-295 .elementor-element.elementor-element-4188791c > .elementor-element-populated{padding:80px 160px 80px 160px;}}@media(max-width:767px){.elementor-295 .elementor-element.elementor-element-2272bf3{--margin-top:-50px;--margin-bottom:0px;--margin-left:0px;--margin-right:0px;--padding-top:120px;--padding-bottom:120px;--padding-left:0px;--padding-right:0px;}.elementor-295 .elementor-element.elementor-element-d1683c4{--padding-top:0px;--padding-bottom:0px;--padding-left:20px;--padding-right:20px;}.elementor-295 .elementor-element.elementor-element-09707df .elementor-heading-title{font-size:64px;}.elementor-295 .elementor-element.elementor-element-09707df > .elementor-widget-container{padding:0% 0% 0% 0%;}.elementor-295 .elementor-element.elementor-element-b508ecd .elementor-heading-title{font-size:33px;}.elementor-295 .elementor-element.elementor-element-b508ecd > .elementor-widget-container{margin:-00px 0px 0px 0px;padding:0% 0% 00% 00%;}.elementor-295 .elementor-element.elementor-element-3decdb0 .elementor-divider-separator{width:120px;}.elementor-295 .elementor-element.elementor-element-3decdb0 > .elementor-widget-container{margin:0px 0px 0px 0px;padding:0% 0% 0% 0%;}.elementor-295 .elementor-element.elementor-element-4188791c > .elementor-element-populated{padding:60px 20px 60px 20px;}.elementor-295 .elementor-element.elementor-element-6b2ebc5a{--spacer-size:20px;}}@media(min-width:768px){.elementor-295 .elementor-element.elementor-element-d1683c4{--width:70%;}}@media(max-width:1024px) and (min-width:768px){.elementor-295 .elementor-element.elementor-element-d1683c4{--width:80%;}}<\/style>\t\t<div data-elementor-type=\"wp-page\" data-elementor-id=\"295\" class=\"elementor elementor-295\" data-elementor-post-type=\"page\">\n\t\t\t\t<div class=\"wd-negative-gap elementor-element elementor-element-2272bf3 wd-section-stretch-content e-flex e-con-boxed e-con e-parent\" data-id=\"2272bf3\" data-element_type=\"container\" data-e-type=\"container\" data-settings=\"{&quot;background_background&quot;:&quot;classic&quot;}\">\n\t\t\t\t\t<div class=\"e-con-inner\">\n\t\t<div class=\"elementor-element elementor-element-d1683c4 e-con-full e-flex e-con e-child\" data-id=\"d1683c4\" data-element_type=\"container\" data-e-type=\"container\">\n\t\t\t\t<div class=\"elementor-element elementor-element-09707df elementor-invisible elementor-widget elementor-widget-heading\" data-id=\"09707df\" data-element_type=\"widget\" data-e-type=\"widget\" data-settings=\"{&quot;_animation&quot;:&quot;fadeInUp&quot;}\" data-widget_type=\"heading.default\">\n\t\t\t\t<div class=\"elementor-widget-container\">\n\t\t\t\t\t<h1 class=\"elementor-heading-title elementor-size-default\">Blog y<\/h1>\t\t\t\t<\/div>\n\t\t\t\t<\/div>\n\t\t\t\t<div class=\"elementor-element elementor-element-b508ecd elementor-invisible elementor-widget elementor-widget-heading\" data-id=\"b508ecd\" data-element_type=\"widget\" data-e-type=\"widget\" data-settings=\"{&quot;_animation&quot;:&quot;fadeInUp&quot;,&quot;_animation_delay&quot;:200}\" data-widget_type=\"heading.default\">\n\t\t\t\t<div class=\"elementor-widget-container\">\n\t\t\t\t\t<h1 class=\"elementor-heading-title elementor-size-default\">informaci\u00f3n<\/h1>\t\t\t\t<\/div>\n\t\t\t\t<\/div>\n\t\t\t\t<div class=\"elementor-element elementor-element-3decdb0 elementor-widget-divider--view-line elementor-invisible elementor-widget elementor-widget-divider\" data-id=\"3decdb0\" data-element_type=\"widget\" data-e-type=\"widget\" data-settings=\"{&quot;_animation&quot;:&quot;fadeInUp&quot;,&quot;_animation_delay&quot;:400}\" data-widget_type=\"divider.default\">\n\t\t\t\t<div class=\"elementor-widget-container\">\n\t\t\t\t\t\t\t<div class=\"elementor-divider\">\n\t\t\t<span class=\"elementor-divider-separator\">\n\t\t\t\t\t\t<\/span>\n\t\t<\/div>\n\t\t\t\t\t\t<\/div>\n\t\t\t\t<\/div>\n\t\t\t\t<\/div>\n\t\t\t\t\t<\/div>\n\t\t\t\t<\/div>\n\t\t\t\t<section class=\"wd-negative-gap elementor-section elementor-top-section elementor-element elementor-element-6f32e6a8 wd-section-stretch-content elementor-section-boxed elementor-section-height-default elementor-section-height-default\" data-id=\"6f32e6a8\" data-element_type=\"section\" data-e-type=\"section\" data-settings=\"{&quot;background_background&quot;:&quot;classic&quot;}\">\n\t\t\t\t\t\t\t<div class=\"elementor-background-overlay\"><\/div>\n\t\t\t\t\t\t\t<div class=\"elementor-container elementor-column-gap-default\">\n\t\t\t\t\t<div class=\"elementor-column elementor-col-100 elementor-top-column elementor-element elementor-element-4188791c\" data-id=\"4188791c\" data-element_type=\"column\" data-e-type=\"column\">\n\t\t\t<div class=\"elementor-widget-wrap elementor-element-populated\">\n\t\t\t\t\t\t<div class=\"elementor-element elementor-element-f3a454a wd-width-100 elementor-widget elementor-widget-wd_blog\" data-id=\"f3a454a\" data-element_type=\"widget\" data-e-type=\"widget\" data-widget_type=\"wd_blog.default\">\n\t\t\t\t<div class=\"elementor-widget-container\">\n\t\t\t\t\t\t\t\t\t\t\t\t<div class=\"wd-blog-element\">\n\t\t\t\t\t\t\t\t\t\t\t\n\t\t\t\t\t<div class=\"wd-posts wd-blog-holder wd-grid-g\" id=\"69ef7e6c0e15e\" data-paged=\"1\" data-atts=\"{&quot;post_type&quot;:&quot;post&quot;,&quot;items_per_page&quot;:12,&quot;include&quot;:null,&quot;taxonomies&quot;:&quot;&quot;,&quot;offset&quot;:&quot;&quot;,&quot;orderby&quot;:&quot;&quot;,&quot;order&quot;:&quot;DESC&quot;,&quot;meta_key&quot;:null,&quot;exclude&quot;:&quot;&quot;,&quot;element_title&quot;:&quot;&quot;,&quot;element_title_tag&quot;:&quot;h4&quot;,&quot;parts_media&quot;:true,&quot;parts_title&quot;:&quot;1&quot;,&quot;parts_meta&quot;:&quot;1&quot;,&quot;parts_text&quot;:&quot;1&quot;,&quot;parts_btn&quot;:&quot;1&quot;,&quot;parts_published_date&quot;:&quot;1&quot;,&quot;img_size&quot;:&quot;large&quot;,&quot;blog_design&quot;:&quot;masonry&quot;,&quot;blog_carousel_design&quot;:null,&quot;blog_masonry&quot;:&quot;&quot;,&quot;blog_columns&quot;:{&quot;unit&quot;:&quot;px&quot;,&quot;size&quot;:3,&quot;sizes&quot;:[]},&quot;blog_columns_tablet&quot;:{&quot;unit&quot;:&quot;px&quot;,&quot;size&quot;:&quot;&quot;,&quot;sizes&quot;:[]},&quot;blog_columns_mobile&quot;:{&quot;unit&quot;:&quot;px&quot;,&quot;size&quot;:&quot;&quot;,&quot;sizes&quot;:[]},&quot;blog_spacing&quot;:&quot;&quot;,&quot;blog_spacing_tablet&quot;:&quot;&quot;,&quot;blog_spacing_mobile&quot;:&quot;&quot;,&quot;pagination&quot;:&quot;&quot;,&quot;speed&quot;:null,&quot;slides_per_view&quot;:null,&quot;slides_per_view_tablet&quot;:null,&quot;slides_per_view_mobile&quot;:null,&quot;wrap&quot;:null,&quot;autoplay&quot;:null,&quot;hide_pagination_control&quot;:null,&quot;hide_prev_next_buttons&quot;:null,&quot;scroll_per_page&quot;:null,&quot;lazy_loading&quot;:&quot;no&quot;,&quot;scroll_carousel_init&quot;:null,&quot;ajax_page&quot;:&quot;&quot;,&quot;custom_sizes&quot;:false,&quot;elementor&quot;:true}\" data-source=\"shortcode\" style=\"--wd-col-lg:3;--wd-col-md:3;--wd-col-sm:1;--wd-gap-lg:20px;--wd-gap-sm:10px;\">\n\t\t\t\n\t\t\t\t\t\t\t\t\t\t\t\t\t\t\n<article id=\"post-887\" class=\"wd-post blog-design-masonry blog-post-loop blog-style-bg wd-add-shadow wd-col post-887 post type-post status-publish format-standard hentry category-nachhaltiges_bauen tag-bauwesen tag-lebensqualitaet tag-nachhaltige-architektur tag-oekologische-aspekte tag-umwelt\">\n\t<div class=\"wd-post-inner article-inner\">\n\t\t\n\t\t<div class=\"wd-post-content article-body-container\">\n\t\t\t\t\t\t\t<div class=\"wd-post-cat wd-style-with-bg meta-post-categories\">\n\t\t\t\t\t<a href=\"https:\/\/allfixpro.de\/es\/category\/nachhaltiges_bauen\/\" rel=\"category tag\">Construcci\u00f3n sostenible<\/a>\t\t\t\t<\/div>\n\t\t\t\n\t\t\t\t\t\t\t<h3 class=\"wd-post-title wd-entities-title title post-title\">\n\t\t\t\t\t<a href=\"https:\/\/allfixpro.de\/es\/nachhaltige-wohnqualitaet\/\" rel=\"bookmark\">Calidad de vida sostenible: c\u00f3mo la arquitectura sostenible mejora nuestras vidas<\/a>\n\t\t\t\t<\/h3>\n\t\t\t\n\t\t\t\t\t\t\t<div class=\"wd-post-meta\">\n\t\t\t\t\t\t\t\t\t\t\t\t\t\t\t<div class=\"wd-post-author\">\n\t\t\t\t\t\t\t\t\t\t\t<span>Posted by<\/span>\n\t\t\n\t\t\t\t\t<img alt='avatar del autor' src='https:\/\/allfixpro.de\/wp-content\/litespeed\/avatar\/e66620e49ddaa024b23494cabec611c7.jpg?ver=1776970137' srcset='https:\/\/allfixpro.de\/wp-content\/litespeed\/avatar\/5c174d9096d821ff16aaf764393c4f39.jpg?ver=1776970137 2x' class='avatar avatar-18 photo' height='18' width='18' \/>\t\t\n\t\t\t\t\t<a href=\"https:\/\/allfixpro.de\/es\/author\/allfixpro1gmail-com\/\" class=\"author\" rel=\"author\">allfixpro1@gmail.com<\/a>\n\t\t\t\t\t\t\t\t\t<\/div>\n\t\t\t\t\t<div class=\"wd-modified-date\">\n\t\t\t\t\t\t\t\t<time class=\"updated\" datetime=\"2025-08-05T07:59:57+00:00\">\n\t\t\t5 de agosto de 2025\t\t<\/time>\n\t\t\t\t\t\t\t<\/div>\n\n\t\t\t\t\t\t\t\t\t\t\t<div tabindex=\"0\" class=\"wd-post-share wd-tltp\">\n\t\t\t\t\t\t\t<div class=\"tooltip top\">\n\t\t\t\t\t\t\t\t<div class=\"tooltip-inner\">\n\t\t\t\t\t\t\t\t\t\t\t\t<div\n\t\t\t\t\t\tclass=\"wd-social-icons wd-style-default wd-size-small social-share wd-shape-circle color-scheme-light text-center\">\n\t\t\t\t\n\t\t\t\t\n\t\t\t\t\t\t\t\t\t<a rel=\"noopener noreferrer nofollow\" href=\"https:\/\/www.facebook.com\/sharer\/sharer.php?u=https:\/\/allfixpro.de\/es\/nachhaltige-wohnqualitaet\/\" target=\"_blank\" class=\"wd-social-icon social-facebook\" aria-label=\"Facebook social link\">\n\t\t\t\t\t\t<span class=\"wd-icon\"><\/span>\n\t\t\t\t\t\t\t\t\t\t\t<\/a>\n\t\t\t\t\n\t\t\t\t\t\t\t\t\t<a rel=\"noopener noreferrer nofollow\" href=\"https:\/\/x.com\/share?url=https:\/\/allfixpro.de\/es\/nachhaltige-wohnqualitaet\/\" target=\"_blank\" class=\"wd-social-icon social-twitter\" aria-label=\"X social link\">\n\t\t\t\t\t\t<span class=\"wd-icon\"><\/span>\n\t\t\t\t\t\t\t\t\t\t\t<\/a>\n\t\t\t\t\n\t\t\t\t\n\t\t\t\t\n\t\t\t\t\n\t\t\t\t\n\t\t\t\t\n\t\t\t\t\t\t\t\t\t<a rel=\"noopener noreferrer nofollow\" href=\"https:\/\/pinterest.com\/pin\/create\/button\/?url=https:\/\/allfixpro.de\/es\/nachhaltige-wohnqualitaet\/&#038;media=https:\/\/allfixpro.de\/wp-includes\/images\/media\/default.svg&#038;description=Nachhaltige%20Wohnqualit%C3%A4t%3A%20Wie%20nachhaltige%20Architektur%20unser%20Leben%20verbessert\" target=\"_blank\" class=\"wd-social-icon social-pinterest\" aria-label=\"Pinterest social link\">\n\t\t\t\t\t\t<span class=\"wd-icon\"><\/span>\n\t\t\t\t\t\t\t\t\t\t\t<\/a>\n\t\t\t\t\n\t\t\t\t\n\t\t\t\t\t\t\t\t\t<a rel=\"noopener noreferrer nofollow\" href=\"https:\/\/www.linkedin.com\/shareArticle?mini=true&#038;url=https:\/\/allfixpro.de\/es\/nachhaltige-wohnqualitaet\/\" target=\"_blank\" class=\"wd-social-icon social-linkedin\" aria-label=\"Linkedin social link\">\n\t\t\t\t\t\t<span class=\"wd-icon\"><\/span>\n\t\t\t\t\t\t\t\t\t\t\t<\/a>\n\t\t\t\t\n\t\t\t\t\n\t\t\t\t\n\t\t\t\t\n\t\t\t\t\n\t\t\t\t\n\t\t\t\t\n\t\t\t\t\n\t\t\t\t\n\t\t\t\t\n\t\t\t\t\n\t\t\t\t\n\t\t\t\t\n\t\t\t\t\n\t\t\t\t\n\t\t\t\t\t\t\t\t\t<a rel=\"noopener noreferrer nofollow\" href=\"https:\/\/telegram.me\/share\/url?url=https:\/\/allfixpro.de\/es\/nachhaltige-wohnqualitaet\/\" target=\"_blank\" class=\"wd-social-icon social-tg\" aria-label=\"Telegram social link\">\n\t\t\t\t\t\t<span class=\"wd-icon\"><\/span>\n\t\t\t\t\t\t\t\t\t\t\t<\/a>\n\t\t\t\t\n\t\t\t\t\n\t\t\t<\/div>\n\n\t\t\t\t\t\t\t\t\t\t<\/div>\n\t\t\t\t\t\t\t\t<div class=\"tooltip-arrow\"><\/div>\n\t\t\t\t\t\t\t<\/div>\n\t\t\t\t\t\t<\/div>\n\t\t\t\t\t\n\t\t\t\t\t\t\t\t\t\t\t\t\t\t\t\t\t<div class=\"wd-post-reply wd-style-1\">\n\t\t\t\t\t\t\t<a href=\"https:\/\/allfixpro.de\/es\/nachhaltige-wohnqualitaet\/#respond\"><span class=\"wd-replies-count\">0<\/span><\/a>\t\t\t\t\t\t<\/div>\n\t\t\t\t\t\t\t\t\t<\/div>\n\t\t\t\n\t\t\t\t\t\t\t\t\t\t\t\t<div class=\"wd-post-excerpt entry-content\">\n\t\t\t\t\t\tEl impacto de la arquitectura sostenible en la calidad de vida...\t\t\t\t\t<\/div>\n\t\t\t\t\n\t\t\t\t\t\t\t\t\t\t\t\t\t\t<div class=\"wd-post-read-more wd-style-link read-more-section\">\n\t\t\t\t\t\t<a class=\"\" href=\"https:\/\/allfixpro.de\/es\/nachhaltige-wohnqualitaet\/\">Continue reading<\/a>\t\t\t\t\t<\/div>\n\t\t\t\t\t\t\t\t\t\t\t\t\t<\/div>\n\t<\/div>\n<\/article>\n\n\t\t\t\t\t\t\t\t\t\t\t\t\t\t\n<article id=\"post-885\" class=\"wd-post blog-design-masonry blog-post-loop blog-style-bg wd-add-shadow wd-col post-885 post type-post status-publish format-standard hentry category-industrie_sanierung tag-baukonzepte tag-effizienz tag-flexibilitaet tag-gewerbebau tag-marktbedingungen\">\n\t<div class=\"wd-post-inner article-inner\">\n\t\t\n\t\t<div class=\"wd-post-content article-body-container\">\n\t\t\t\t\t\t\t<div class=\"wd-post-cat wd-style-with-bg meta-post-categories\">\n\t\t\t\t\t<a href=\"https:\/\/allfixpro.de\/es\/category\/industrie_sanierung\/\" rel=\"category tag\">Renovaci\u00f3n industrial<\/a>\t\t\t\t<\/div>\n\t\t\t\n\t\t\t\t\t\t\t<h3 class=\"wd-post-title wd-entities-title title post-title\">\n\t\t\t\t\t<a href=\"https:\/\/allfixpro.de\/es\/flexible-baukonzepte\/\" rel=\"bookmark\">11 razones por las que los conceptos de construcci\u00f3n flexible en la construcci\u00f3n comercial modular ofrecen eficiencia y flexibilidad<\/a>\n\t\t\t\t<\/h3>\n\t\t\t\n\t\t\t\t\t\t\t<div class=\"wd-post-meta\">\n\t\t\t\t\t\t\t\t\t\t\t\t\t\t\t<div class=\"wd-post-author\">\n\t\t\t\t\t\t\t\t\t\t\t<span>Posted by<\/span>\n\t\t\n\t\t\t\t\t<img alt='avatar del autor' src='https:\/\/allfixpro.de\/wp-content\/litespeed\/avatar\/e66620e49ddaa024b23494cabec611c7.jpg?ver=1776970137' srcset='https:\/\/allfixpro.de\/wp-content\/litespeed\/avatar\/5c174d9096d821ff16aaf764393c4f39.jpg?ver=1776970137 2x' class='avatar avatar-18 photo' height='18' width='18' \/>\t\t\n\t\t\t\t\t<a href=\"https:\/\/allfixpro.de\/es\/author\/allfixpro1gmail-com\/\" class=\"author\" rel=\"author\">allfixpro1@gmail.com<\/a>\n\t\t\t\t\t\t\t\t\t<\/div>\n\t\t\t\t\t<div class=\"wd-modified-date\">\n\t\t\t\t\t\t\t\t<time class=\"updated\" datetime=\"2025-08-01T21:45:33+00:00\">\n\t\t\t1 de agosto de 2025\t\t<\/time>\n\t\t\t\t\t\t\t<\/div>\n\n\t\t\t\t\t\t\t\t\t\t\t<div tabindex=\"0\" class=\"wd-post-share wd-tltp\">\n\t\t\t\t\t\t\t<div class=\"tooltip top\">\n\t\t\t\t\t\t\t\t<div class=\"tooltip-inner\">\n\t\t\t\t\t\t\t\t\t\t\t\t<div\n\t\t\t\t\t\tclass=\"wd-social-icons wd-style-default wd-size-small social-share wd-shape-circle color-scheme-light text-center\">\n\t\t\t\t\n\t\t\t\t\n\t\t\t\t\t\t\t\t\t<a rel=\"noopener noreferrer nofollow\" href=\"https:\/\/www.facebook.com\/sharer\/sharer.php?u=https:\/\/allfixpro.de\/es\/flexible-baukonzepte\/\" target=\"_blank\" class=\"wd-social-icon social-facebook\" aria-label=\"Facebook social link\">\n\t\t\t\t\t\t<span class=\"wd-icon\"><\/span>\n\t\t\t\t\t\t\t\t\t\t\t<\/a>\n\t\t\t\t\n\t\t\t\t\t\t\t\t\t<a rel=\"noopener noreferrer nofollow\" href=\"https:\/\/x.com\/share?url=https:\/\/allfixpro.de\/es\/flexible-baukonzepte\/\" target=\"_blank\" class=\"wd-social-icon social-twitter\" aria-label=\"X social link\">\n\t\t\t\t\t\t<span class=\"wd-icon\"><\/span>\n\t\t\t\t\t\t\t\t\t\t\t<\/a>\n\t\t\t\t\n\t\t\t\t\n\t\t\t\t\n\t\t\t\t\n\t\t\t\t\n\t\t\t\t\n\t\t\t\t\t\t\t\t\t<a rel=\"noopener noreferrer nofollow\" href=\"https:\/\/pinterest.com\/pin\/create\/button\/?url=https:\/\/allfixpro.de\/es\/flexible-baukonzepte\/&#038;media=https:\/\/allfixpro.de\/wp-includes\/images\/media\/default.svg&#038;description=11%20Gr%C3%BCnde%2C%20warum%20flexible%20baukonzepte%20im%20modularen%20Gewerbebau%20Effizienz%20und%20Flexibilit%C3%A4t%20bieten\" target=\"_blank\" class=\"wd-social-icon social-pinterest\" aria-label=\"Pinterest social link\">\n\t\t\t\t\t\t<span class=\"wd-icon\"><\/span>\n\t\t\t\t\t\t\t\t\t\t\t<\/a>\n\t\t\t\t\n\t\t\t\t\n\t\t\t\t\t\t\t\t\t<a rel=\"noopener noreferrer nofollow\" href=\"https:\/\/www.linkedin.com\/shareArticle?mini=true&#038;url=https:\/\/allfixpro.de\/es\/flexible-baukonzepte\/\" target=\"_blank\" class=\"wd-social-icon social-linkedin\" aria-label=\"Linkedin social link\">\n\t\t\t\t\t\t<span class=\"wd-icon\"><\/span>\n\t\t\t\t\t\t\t\t\t\t\t<\/a>\n\t\t\t\t\n\t\t\t\t\n\t\t\t\t\n\t\t\t\t\n\t\t\t\t\n\t\t\t\t\n\t\t\t\t\n\t\t\t\t\n\t\t\t\t\n\t\t\t\t\n\t\t\t\t\n\t\t\t\t\n\t\t\t\t\n\t\t\t\t\n\t\t\t\t\n\t\t\t\t\t\t\t\t\t<a rel=\"noopener noreferrer nofollow\" href=\"https:\/\/telegram.me\/share\/url?url=https:\/\/allfixpro.de\/es\/flexible-baukonzepte\/\" target=\"_blank\" class=\"wd-social-icon social-tg\" aria-label=\"Telegram social link\">\n\t\t\t\t\t\t<span class=\"wd-icon\"><\/span>\n\t\t\t\t\t\t\t\t\t\t\t<\/a>\n\t\t\t\t\n\t\t\t\t\n\t\t\t<\/div>\n\n\t\t\t\t\t\t\t\t\t\t<\/div>\n\t\t\t\t\t\t\t\t<div class=\"tooltip-arrow\"><\/div>\n\t\t\t\t\t\t\t<\/div>\n\t\t\t\t\t\t<\/div>\n\t\t\t\t\t\n\t\t\t\t\t\t\t\t\t\t\t\t\t\t\t\t\t<div class=\"wd-post-reply wd-style-1\">\n\t\t\t\t\t\t\t<a href=\"https:\/\/allfixpro.de\/es\/flexible-baukonzepte\/#respond\"><span class=\"wd-replies-count\">0<\/span><\/a>\t\t\t\t\t\t<\/div>\n\t\t\t\t\t\t\t\t\t<\/div>\n\t\t\t\n\t\t\t\t\t\t\t\t\t\t\t\t<div class=\"wd-post-excerpt entry-content\">\n\t\t\t\t\t\tConstrucci\u00f3n comercial modular: Flexibilidad y eficiencia en la implementaci\u00f3n...\t\t\t\t\t<\/div>\n\t\t\t\t\n\t\t\t\t\t\t\t\t\t\t\t\t\t\t<div class=\"wd-post-read-more wd-style-link read-more-section\">\n\t\t\t\t\t\t<a class=\"\" href=\"https:\/\/allfixpro.de\/es\/flexible-baukonzepte\/\">Continue reading<\/a>\t\t\t\t\t<\/div>\n\t\t\t\t\t\t\t\t\t\t\t\t\t<\/div>\n\t<\/div>\n<\/article>\n\n\t\t\t\t\t\t\t\t\t\t\t\t\t\t\n<article id=\"post-883\" class=\"wd-post blog-design-masonry blog-post-loop blog-style-bg wd-add-shadow wd-col post-883 post type-post status-publish format-standard hentry category-nachhaltiges_bauen tag-gruene-daecher tag-nachhaltiges-bauen tag-oekologische-vorteile tag-ressourcenschonung tag-urbanes-leben\">\n\t<div class=\"wd-post-inner article-inner\">\n\t\t\n\t\t<div class=\"wd-post-content article-body-container\">\n\t\t\t\t\t\t\t<div class=\"wd-post-cat wd-style-with-bg meta-post-categories\">\n\t\t\t\t\t<a href=\"https:\/\/allfixpro.de\/es\/category\/nachhaltiges_bauen\/\" rel=\"category tag\">Construcci\u00f3n sostenible<\/a>\t\t\t\t<\/div>\n\t\t\t\n\t\t\t\t\t\t\t<h3 class=\"wd-post-title wd-entities-title title post-title\">\n\t\t\t\t\t<a href=\"https:\/\/allfixpro.de\/es\/gruene-baukonzepte\/\" rel=\"bookmark\">Conceptos de construcci\u00f3n ecol\u00f3gica: c\u00f3mo los techos y muros verdes est\u00e1n revolucionando la construcci\u00f3n sostenible<\/a>\n\t\t\t\t<\/h3>\n\t\t\t\n\t\t\t\t\t\t\t<div class=\"wd-post-meta\">\n\t\t\t\t\t\t\t\t\t\t\t\t\t\t\t<div class=\"wd-post-author\">\n\t\t\t\t\t\t\t\t\t\t\t<span>Posted by<\/span>\n\t\t\n\t\t\t\t\t<img alt='avatar del autor' src='https:\/\/allfixpro.de\/wp-content\/litespeed\/avatar\/e66620e49ddaa024b23494cabec611c7.jpg?ver=1776970137' srcset='https:\/\/allfixpro.de\/wp-content\/litespeed\/avatar\/5c174d9096d821ff16aaf764393c4f39.jpg?ver=1776970137 2x' class='avatar avatar-18 photo' height='18' width='18' \/>\t\t\n\t\t\t\t\t<a href=\"https:\/\/allfixpro.de\/es\/author\/allfixpro1gmail-com\/\" class=\"author\" rel=\"author\">allfixpro1@gmail.com<\/a>\n\t\t\t\t\t\t\t\t\t<\/div>\n\t\t\t\t\t<div class=\"wd-modified-date\">\n\t\t\t\t\t\t\t\t<time class=\"updated\" datetime=\"2025-07-29T12:48:03+00:00\">\n\t\t\t29 de julio de 2025\t\t<\/time>\n\t\t\t\t\t\t\t<\/div>\n\n\t\t\t\t\t\t\t\t\t\t\t<div tabindex=\"0\" class=\"wd-post-share wd-tltp\">\n\t\t\t\t\t\t\t<div class=\"tooltip top\">\n\t\t\t\t\t\t\t\t<div class=\"tooltip-inner\">\n\t\t\t\t\t\t\t\t\t\t\t\t<div\n\t\t\t\t\t\tclass=\"wd-social-icons wd-style-default wd-size-small social-share wd-shape-circle color-scheme-light text-center\">\n\t\t\t\t\n\t\t\t\t\n\t\t\t\t\t\t\t\t\t<a rel=\"noopener noreferrer nofollow\" href=\"https:\/\/www.facebook.com\/sharer\/sharer.php?u=https:\/\/allfixpro.de\/es\/gruene-baukonzepte\/\" target=\"_blank\" class=\"wd-social-icon social-facebook\" aria-label=\"Facebook social link\">\n\t\t\t\t\t\t<span class=\"wd-icon\"><\/span>\n\t\t\t\t\t\t\t\t\t\t\t<\/a>\n\t\t\t\t\n\t\t\t\t\t\t\t\t\t<a rel=\"noopener noreferrer nofollow\" href=\"https:\/\/x.com\/share?url=https:\/\/allfixpro.de\/es\/gruene-baukonzepte\/\" target=\"_blank\" class=\"wd-social-icon social-twitter\" aria-label=\"X social link\">\n\t\t\t\t\t\t<span class=\"wd-icon\"><\/span>\n\t\t\t\t\t\t\t\t\t\t\t<\/a>\n\t\t\t\t\n\t\t\t\t\n\t\t\t\t\n\t\t\t\t\n\t\t\t\t\n\t\t\t\t\n\t\t\t\t\t\t\t\t\t<a rel=\"noopener noreferrer nofollow\" href=\"https:\/\/pinterest.com\/pin\/create\/button\/?url=https:\/\/allfixpro.de\/es\/gruene-baukonzepte\/&#038;media=https:\/\/allfixpro.de\/wp-includes\/images\/media\/default.svg&#038;description=Gr%C3%BCne%20Baukonzepte%3A%20Wie%20Gr%C3%BCne%20D%C3%A4cher%20und%20W%C3%A4nde%20das%20nachhaltige%20Bauen%20revolutionieren\" target=\"_blank\" class=\"wd-social-icon social-pinterest\" aria-label=\"Pinterest social link\">\n\t\t\t\t\t\t<span class=\"wd-icon\"><\/span>\n\t\t\t\t\t\t\t\t\t\t\t<\/a>\n\t\t\t\t\n\t\t\t\t\n\t\t\t\t\t\t\t\t\t<a rel=\"noopener noreferrer nofollow\" href=\"https:\/\/www.linkedin.com\/shareArticle?mini=true&#038;url=https:\/\/allfixpro.de\/es\/gruene-baukonzepte\/\" target=\"_blank\" class=\"wd-social-icon social-linkedin\" aria-label=\"Linkedin social link\">\n\t\t\t\t\t\t<span class=\"wd-icon\"><\/span>\n\t\t\t\t\t\t\t\t\t\t\t<\/a>\n\t\t\t\t\n\t\t\t\t\n\t\t\t\t\n\t\t\t\t\n\t\t\t\t\n\t\t\t\t\n\t\t\t\t\n\t\t\t\t\n\t\t\t\t\n\t\t\t\t\n\t\t\t\t\n\t\t\t\t\n\t\t\t\t\n\t\t\t\t\n\t\t\t\t\n\t\t\t\t\t\t\t\t\t<a rel=\"noopener noreferrer nofollow\" href=\"https:\/\/telegram.me\/share\/url?url=https:\/\/allfixpro.de\/es\/gruene-baukonzepte\/\" target=\"_blank\" class=\"wd-social-icon social-tg\" aria-label=\"Telegram social link\">\n\t\t\t\t\t\t<span class=\"wd-icon\"><\/span>\n\t\t\t\t\t\t\t\t\t\t\t<\/a>\n\t\t\t\t\n\t\t\t\t\n\t\t\t<\/div>\n\n\t\t\t\t\t\t\t\t\t\t<\/div>\n\t\t\t\t\t\t\t\t<div class=\"tooltip-arrow\"><\/div>\n\t\t\t\t\t\t\t<\/div>\n\t\t\t\t\t\t<\/div>\n\t\t\t\t\t\n\t\t\t\t\t\t\t\t\t\t\t\t\t\t\t\t\t<div class=\"wd-post-reply wd-style-1\">\n\t\t\t\t\t\t\t<a href=\"https:\/\/allfixpro.de\/es\/gruene-baukonzepte\/#respond\"><span class=\"wd-replies-count\">0<\/span><\/a>\t\t\t\t\t\t<\/div>\n\t\t\t\t\t\t\t\t\t<\/div>\n\t\t\t\n\t\t\t\t\t\t\t\t\t\t\t\t<div class=\"wd-post-excerpt entry-content\">\n\t\t\t\t\t\tIntroducci\u00f3n Los techos y muros verdes no s\u00f3lo son est\u00e9ticamente agradables, sino tambi\u00e9n un componente importante...\t\t\t\t\t<\/div>\n\t\t\t\t\n\t\t\t\t\t\t\t\t\t\t\t\t\t\t<div class=\"wd-post-read-more wd-style-link read-more-section\">\n\t\t\t\t\t\t<a class=\"\" href=\"https:\/\/allfixpro.de\/es\/gruene-baukonzepte\/\">Continue reading<\/a>\t\t\t\t\t<\/div>\n\t\t\t\t\t\t\t\t\t\t\t\t\t<\/div>\n\t<\/div>\n<\/article>\n\n\t\t\t\t\t\t\t\t\t\t\t\t\t\t\n<article id=\"post-881\" class=\"wd-post blog-design-masonry blog-post-loop blog-style-bg wd-add-shadow wd-col post-881 post type-post status-publish format-standard hentry category-industrie_sanierung tag-energetische-sanierung tag-energieeffizienz tag-energieeinsparung tag-gebaeudeverwaltung tag-umweltfreundliche-massnahmen\">\n\t<div class=\"wd-post-inner article-inner\">\n\t\t\n\t\t<div class=\"wd-post-content article-body-container\">\n\t\t\t\t\t\t\t<div class=\"wd-post-cat wd-style-with-bg meta-post-categories\">\n\t\t\t\t\t<a href=\"https:\/\/allfixpro.de\/es\/category\/industrie_sanierung\/\" rel=\"category tag\">Renovaci\u00f3n industrial<\/a>\t\t\t\t<\/div>\n\t\t\t\n\t\t\t\t\t\t\t<h3 class=\"wd-post-title wd-entities-title title post-title\">\n\t\t\t\t\t<a href=\"https:\/\/allfixpro.de\/es\/energieeinsparung-strategien\/\" rel=\"bookmark\">5 estrategias efectivas de ahorro energ\u00e9tico para una renovaci\u00f3n energ\u00e9tica sostenible<\/a>\n\t\t\t\t<\/h3>\n\t\t\t\n\t\t\t\t\t\t\t<div class=\"wd-post-meta\">\n\t\t\t\t\t\t\t\t\t\t\t\t\t\t\t<div class=\"wd-post-author\">\n\t\t\t\t\t\t\t\t\t\t\t<span>Posted by<\/span>\n\t\t\n\t\t\t\t\t<img alt='avatar del autor' src='https:\/\/allfixpro.de\/wp-content\/litespeed\/avatar\/e66620e49ddaa024b23494cabec611c7.jpg?ver=1776970137' srcset='https:\/\/allfixpro.de\/wp-content\/litespeed\/avatar\/5c174d9096d821ff16aaf764393c4f39.jpg?ver=1776970137 2x' class='avatar avatar-18 photo' height='18' width='18' \/>\t\t\n\t\t\t\t\t<a href=\"https:\/\/allfixpro.de\/es\/author\/allfixpro1gmail-com\/\" class=\"author\" rel=\"author\">allfixpro1@gmail.com<\/a>\n\t\t\t\t\t\t\t\t\t<\/div>\n\t\t\t\t\t<div class=\"wd-modified-date\">\n\t\t\t\t\t\t\t\t<time class=\"updated\" datetime=\"2025-07-26T01:39:01+00:00\">\n\t\t\t26 de julio de 2025\t\t<\/time>\n\t\t\t\t\t\t\t<\/div>\n\n\t\t\t\t\t\t\t\t\t\t\t<div tabindex=\"0\" class=\"wd-post-share wd-tltp\">\n\t\t\t\t\t\t\t<div class=\"tooltip top\">\n\t\t\t\t\t\t\t\t<div class=\"tooltip-inner\">\n\t\t\t\t\t\t\t\t\t\t\t\t<div\n\t\t\t\t\t\tclass=\"wd-social-icons wd-style-default wd-size-small social-share wd-shape-circle color-scheme-light text-center\">\n\t\t\t\t\n\t\t\t\t\n\t\t\t\t\t\t\t\t\t<a rel=\"noopener noreferrer nofollow\" href=\"https:\/\/www.facebook.com\/sharer\/sharer.php?u=https:\/\/allfixpro.de\/es\/energieeinsparung-strategien\/\" target=\"_blank\" class=\"wd-social-icon social-facebook\" aria-label=\"Facebook social link\">\n\t\t\t\t\t\t<span class=\"wd-icon\"><\/span>\n\t\t\t\t\t\t\t\t\t\t\t<\/a>\n\t\t\t\t\n\t\t\t\t\t\t\t\t\t<a rel=\"noopener noreferrer nofollow\" href=\"https:\/\/x.com\/share?url=https:\/\/allfixpro.de\/es\/energieeinsparung-strategien\/\" target=\"_blank\" class=\"wd-social-icon social-twitter\" aria-label=\"X social link\">\n\t\t\t\t\t\t<span class=\"wd-icon\"><\/span>\n\t\t\t\t\t\t\t\t\t\t\t<\/a>\n\t\t\t\t\n\t\t\t\t\n\t\t\t\t\n\t\t\t\t\n\t\t\t\t\n\t\t\t\t\n\t\t\t\t\t\t\t\t\t<a rel=\"noopener noreferrer nofollow\" href=\"https:\/\/pinterest.com\/pin\/create\/button\/?url=https:\/\/allfixpro.de\/es\/energieeinsparung-strategien\/&#038;media=https:\/\/allfixpro.de\/wp-includes\/images\/media\/default.svg&#038;description=5%20effektive%20energieeinsparung%20strategien%20f%C3%BCr%20eine%20nachhaltige%20energetische%20Sanierung\" target=\"_blank\" class=\"wd-social-icon social-pinterest\" aria-label=\"Pinterest social link\">\n\t\t\t\t\t\t<span class=\"wd-icon\"><\/span>\n\t\t\t\t\t\t\t\t\t\t\t<\/a>\n\t\t\t\t\n\t\t\t\t\n\t\t\t\t\t\t\t\t\t<a rel=\"noopener noreferrer nofollow\" href=\"https:\/\/www.linkedin.com\/shareArticle?mini=true&#038;url=https:\/\/allfixpro.de\/es\/energieeinsparung-strategien\/\" target=\"_blank\" class=\"wd-social-icon social-linkedin\" aria-label=\"Linkedin social link\">\n\t\t\t\t\t\t<span class=\"wd-icon\"><\/span>\n\t\t\t\t\t\t\t\t\t\t\t<\/a>\n\t\t\t\t\n\t\t\t\t\n\t\t\t\t\n\t\t\t\t\n\t\t\t\t\n\t\t\t\t\n\t\t\t\t\n\t\t\t\t\n\t\t\t\t\n\t\t\t\t\n\t\t\t\t\n\t\t\t\t\n\t\t\t\t\n\t\t\t\t\n\t\t\t\t\n\t\t\t\t\t\t\t\t\t<a rel=\"noopener noreferrer nofollow\" href=\"https:\/\/telegram.me\/share\/url?url=https:\/\/allfixpro.de\/es\/energieeinsparung-strategien\/\" target=\"_blank\" class=\"wd-social-icon social-tg\" aria-label=\"Telegram social link\">\n\t\t\t\t\t\t<span class=\"wd-icon\"><\/span>\n\t\t\t\t\t\t\t\t\t\t\t<\/a>\n\t\t\t\t\n\t\t\t\t\n\t\t\t<\/div>\n\n\t\t\t\t\t\t\t\t\t\t<\/div>\n\t\t\t\t\t\t\t\t<div class=\"tooltip-arrow\"><\/div>\n\t\t\t\t\t\t\t<\/div>\n\t\t\t\t\t\t<\/div>\n\t\t\t\t\t\n\t\t\t\t\t\t\t\t\t\t\t\t\t\t\t\t\t<div class=\"wd-post-reply wd-style-1\">\n\t\t\t\t\t\t\t<a href=\"https:\/\/allfixpro.de\/es\/energieeinsparung-strategien\/#respond\"><span class=\"wd-replies-count\">0<\/span><\/a>\t\t\t\t\t\t<\/div>\n\t\t\t\t\t\t\t\t\t<\/div>\n\t\t\t\n\t\t\t\t\t\t\t\t\t\t\t\t<div class=\"wd-post-excerpt entry-content\">\n\t\t\t\t\t\tIntroducci\u00f3n a la renovaci\u00f3n energ\u00e9ticamente eficiente: Estrategias de ahorro energ\u00e9tico...\t\t\t\t\t<\/div>\n\t\t\t\t\n\t\t\t\t\t\t\t\t\t\t\t\t\t\t<div class=\"wd-post-read-more wd-style-link read-more-section\">\n\t\t\t\t\t\t<a class=\"\" href=\"https:\/\/allfixpro.de\/es\/energieeinsparung-strategien\/\">Continue reading<\/a>\t\t\t\t\t<\/div>\n\t\t\t\t\t\t\t\t\t\t\t\t\t<\/div>\n\t<\/div>\n<\/article>\n\n\t\t\t\t\t\t\t\t\t\t\t\t\t\t\n<article id=\"post-877\" class=\"wd-post blog-design-masonry blog-post-loop blog-style-bg wd-add-shadow wd-col post-877 post type-post status-publish format-standard has-post-thumbnail hentry category-nachhaltiges_bauen tag-klimawandel tag-nachhaltige-bauprojekte tag-stadtentwicklung tag-urbanisierung tag-wohnraum\">\n\t<div class=\"wd-post-inner article-inner\">\n\t\t\t\t\t<div class=\"wd-post-thumb entry-header\">\n\t\t\t\t\t\t\t\t\t<div class=\"wd-post-img post-img-wrapp\">\n\t\t\t\t\t\t<img loading=\"lazy\" decoding=\"async\" width=\"1024\" height=\"701\" src=\"https:\/\/allfixpro.de\/wp-content\/uploads\/2025\/07\/nachhaltige_stadtprojekte.png-1024x701.jpg\" class=\"attachment-large size-large\" alt=\"Proyectos urbanos sostenibles en Alemania\" srcset=\"https:\/\/allfixpro.de\/wp-content\/uploads\/2025\/07\/nachhaltige_stadtprojekte.png-1024x701.jpg 1024w, https:\/\/allfixpro.de\/wp-content\/uploads\/2025\/07\/nachhaltige_stadtprojekte.png-300x205.jpg 300w, https:\/\/allfixpro.de\/wp-content\/uploads\/2025\/07\/nachhaltige_stadtprojekte.png-768x525.jpg 768w, https:\/\/allfixpro.de\/wp-content\/uploads\/2025\/07\/nachhaltige_stadtprojekte.png-18x12.jpg 18w, https:\/\/allfixpro.de\/wp-content\/uploads\/2025\/07\/nachhaltige_stadtprojekte.png-600x411.jpg 600w, https:\/\/allfixpro.de\/wp-content\/uploads\/2025\/07\/nachhaltige_stadtprojekte.png-150x103.jpg 150w, https:\/\/allfixpro.de\/wp-content\/uploads\/2025\/07\/nachhaltige_stadtprojekte.png.jpg 1216w\" sizes=\"auto, (max-width: 1024px) 100vw, 1024px\" \/>\t\t\t\t\t<\/div>\n\t\t\t\t\t\t\t\t\t\t<a class=\"wd-fill\" tabindex=\"-1\" href=\"https:\/\/allfixpro.de\/es\/nachhaltige-stadtprojekte\/\" aria-label=\"Link on post Nachhaltige Stadtprojekte: Innovative Bauprojekte f\u00fcr die Zukunft in Deutschland\"><\/a>\n\t\t\t\t\n\t\t\t\t\t\t\t\t\t\t\t\t<div class=\"wd-post-date wd-style-with-bg\">\n\t\t\t\t<span class=\"post-date-day\">\n\t\t\t\t\t25\t\t\t\t<\/span>\n\t\t\t\t<span class=\"post-date-month\">\n\t\t\t\t\tJul\t\t\t\t<\/span>\n\t\t\t<\/div>\n\t\t\t\t\t\t\t\t\t<\/div>\n\t\t\n\t\t<div class=\"wd-post-content article-body-container\">\n\t\t\t\t\t\t\t<div class=\"wd-post-cat wd-style-with-bg meta-post-categories\">\n\t\t\t\t\t<a href=\"https:\/\/allfixpro.de\/es\/category\/nachhaltiges_bauen\/\" rel=\"category tag\">Construcci\u00f3n sostenible<\/a>\t\t\t\t<\/div>\n\t\t\t\n\t\t\t\t\t\t\t<h3 class=\"wd-post-title wd-entities-title title post-title\">\n\t\t\t\t\t<a href=\"https:\/\/allfixpro.de\/es\/nachhaltige-stadtprojekte\/\" rel=\"bookmark\">Proyectos urbanos sostenibles: Proyectos de construcci\u00f3n innovadores para el futuro en Alemania<\/a>\n\t\t\t\t<\/h3>\n\t\t\t\n\t\t\t\t\t\t\t<div class=\"wd-post-meta\">\n\t\t\t\t\t\t\t\t\t\t\t\t\t\t\t<div class=\"wd-post-author\">\n\t\t\t\t\t\t\t\t\t\t\t<span>Posted by<\/span>\n\t\t\n\t\t\t\t\t<img alt='avatar del autor' src='https:\/\/allfixpro.de\/wp-content\/litespeed\/avatar\/e66620e49ddaa024b23494cabec611c7.jpg?ver=1776970137' srcset='https:\/\/allfixpro.de\/wp-content\/litespeed\/avatar\/5c174d9096d821ff16aaf764393c4f39.jpg?ver=1776970137 2x' class='avatar avatar-18 photo' height='18' width='18' \/>\t\t\n\t\t\t\t\t<a href=\"https:\/\/allfixpro.de\/es\/author\/allfixpro1gmail-com\/\" class=\"author\" rel=\"author\">allfixpro1@gmail.com<\/a>\n\t\t\t\t\t\t\t\t\t<\/div>\n\t\t\t\t\t<div class=\"wd-modified-date\">\n\t\t\t\t\t\t\t\t<time class=\"updated\" datetime=\"2025-07-22T15:25:36+00:00\">\n\t\t\t22 de julio de 2025\t\t<\/time>\n\t\t\t\t\t\t\t<\/div>\n\n\t\t\t\t\t\t\t\t\t\t\t<div tabindex=\"0\" class=\"wd-post-share wd-tltp\">\n\t\t\t\t\t\t\t<div class=\"tooltip top\">\n\t\t\t\t\t\t\t\t<div class=\"tooltip-inner\">\n\t\t\t\t\t\t\t\t\t\t\t\t<div\n\t\t\t\t\t\tclass=\"wd-social-icons wd-style-default wd-size-small social-share wd-shape-circle color-scheme-light text-center\">\n\t\t\t\t\n\t\t\t\t\n\t\t\t\t\t\t\t\t\t<a rel=\"noopener noreferrer nofollow\" href=\"https:\/\/www.facebook.com\/sharer\/sharer.php?u=https:\/\/allfixpro.de\/es\/nachhaltige-stadtprojekte\/\" target=\"_blank\" class=\"wd-social-icon social-facebook\" aria-label=\"Facebook social link\">\n\t\t\t\t\t\t<span class=\"wd-icon\"><\/span>\n\t\t\t\t\t\t\t\t\t\t\t<\/a>\n\t\t\t\t\n\t\t\t\t\t\t\t\t\t<a rel=\"noopener noreferrer nofollow\" href=\"https:\/\/x.com\/share?url=https:\/\/allfixpro.de\/es\/nachhaltige-stadtprojekte\/\" target=\"_blank\" class=\"wd-social-icon social-twitter\" aria-label=\"X social link\">\n\t\t\t\t\t\t<span class=\"wd-icon\"><\/span>\n\t\t\t\t\t\t\t\t\t\t\t<\/a>\n\t\t\t\t\n\t\t\t\t\n\t\t\t\t\n\t\t\t\t\n\t\t\t\t\n\t\t\t\t\n\t\t\t\t\t\t\t\t\t<a rel=\"noopener noreferrer nofollow\" href=\"https:\/\/pinterest.com\/pin\/create\/button\/?url=https:\/\/allfixpro.de\/es\/nachhaltige-stadtprojekte\/&#038;media=https:\/\/allfixpro.de\/wp-content\/uploads\/2025\/07\/nachhaltige_stadtprojekte.png.jpg&#038;description=Nachhaltige%20Stadtprojekte%3A%20Innovative%20Bauprojekte%20f%C3%BCr%20die%20Zukunft%20in%20Deutschland\" target=\"_blank\" class=\"wd-social-icon social-pinterest\" aria-label=\"Pinterest social link\">\n\t\t\t\t\t\t<span class=\"wd-icon\"><\/span>\n\t\t\t\t\t\t\t\t\t\t\t<\/a>\n\t\t\t\t\n\t\t\t\t\n\t\t\t\t\t\t\t\t\t<a rel=\"noopener noreferrer nofollow\" href=\"https:\/\/www.linkedin.com\/shareArticle?mini=true&#038;url=https:\/\/allfixpro.de\/es\/nachhaltige-stadtprojekte\/\" target=\"_blank\" class=\"wd-social-icon social-linkedin\" aria-label=\"Linkedin social link\">\n\t\t\t\t\t\t<span class=\"wd-icon\"><\/span>\n\t\t\t\t\t\t\t\t\t\t\t<\/a>\n\t\t\t\t\n\t\t\t\t\n\t\t\t\t\n\t\t\t\t\n\t\t\t\t\n\t\t\t\t\n\t\t\t\t\n\t\t\t\t\n\t\t\t\t\n\t\t\t\t\n\t\t\t\t\n\t\t\t\t\n\t\t\t\t\n\t\t\t\t\n\t\t\t\t\n\t\t\t\t\t\t\t\t\t<a rel=\"noopener noreferrer nofollow\" href=\"https:\/\/telegram.me\/share\/url?url=https:\/\/allfixpro.de\/es\/nachhaltige-stadtprojekte\/\" target=\"_blank\" class=\"wd-social-icon social-tg\" aria-label=\"Telegram social link\">\n\t\t\t\t\t\t<span class=\"wd-icon\"><\/span>\n\t\t\t\t\t\t\t\t\t\t\t<\/a>\n\t\t\t\t\n\t\t\t\t\n\t\t\t<\/div>\n\n\t\t\t\t\t\t\t\t\t\t<\/div>\n\t\t\t\t\t\t\t\t<div class=\"tooltip-arrow\"><\/div>\n\t\t\t\t\t\t\t<\/div>\n\t\t\t\t\t\t<\/div>\n\t\t\t\t\t\n\t\t\t\t\t\t\t\t\t\t\t\t\t\t\t\t\t<div class=\"wd-post-reply wd-style-1\">\n\t\t\t\t\t\t\t<a href=\"https:\/\/allfixpro.de\/es\/nachhaltige-stadtprojekte\/#respond\"><span class=\"wd-replies-count\">0<\/span><\/a>\t\t\t\t\t\t<\/div>\n\t\t\t\t\t\t\t\t\t<\/div>\n\t\t\t\n\t\t\t\t\t\t\t\t\t\t\t\t<div class=\"wd-post-excerpt entry-content\">\n\t\t\t\t\t\tDesarrollo urbano orientado al futuro: Desarrollo sostenible...\t\t\t\t\t<\/div>\n\t\t\t\t\n\t\t\t\t\t\t\t\t\t\t\t\t\t\t<div class=\"wd-post-read-more wd-style-link read-more-section\">\n\t\t\t\t\t\t<a class=\"\" href=\"https:\/\/allfixpro.de\/es\/nachhaltige-stadtprojekte\/\">Continue reading<\/a>\t\t\t\t\t<\/div>\n\t\t\t\t\t\t\t\t\t\t\t\t\t<\/div>\n\t<\/div>\n<\/article>\n\n\t\t\t\t\t\t\t\t\t\t\t\t\t\t\n<article id=\"post-865\" class=\"wd-post blog-design-masonry blog-post-loop blog-style-bg wd-add-shadow wd-col post-865 post type-post status-publish format-standard has-post-thumbnail hentry category-nachhaltiges_bauen tag-bauindustrie tag-bauwirtschaft tag-innovative-ansatze tag-klimawandel tag-nachhaltige-materialien\">\n\t<div class=\"wd-post-inner article-inner\">\n\t\t\t\t\t<div class=\"wd-post-thumb entry-header\">\n\t\t\t\t\t\t\t\t\t<div class=\"wd-post-img post-img-wrapp\">\n\t\t\t\t\t\t<img loading=\"lazy\" decoding=\"async\" width=\"1024\" height=\"701\" src=\"https:\/\/allfixpro.de\/wp-content\/uploads\/2025\/07\/nachhaltige_baumaterialien.png-1024x701.jpg\" class=\"attachment-large size-large\" alt=\"Materiales de construcci\u00f3n sostenibles en la industria de la construcci\u00f3n\" srcset=\"https:\/\/allfixpro.de\/wp-content\/uploads\/2025\/07\/nachhaltige_baumaterialien.png-1024x701.jpg 1024w, https:\/\/allfixpro.de\/wp-content\/uploads\/2025\/07\/nachhaltige_baumaterialien.png-300x205.jpg 300w, https:\/\/allfixpro.de\/wp-content\/uploads\/2025\/07\/nachhaltige_baumaterialien.png-768x525.jpg 768w, https:\/\/allfixpro.de\/wp-content\/uploads\/2025\/07\/nachhaltige_baumaterialien.png-18x12.jpg 18w, https:\/\/allfixpro.de\/wp-content\/uploads\/2025\/07\/nachhaltige_baumaterialien.png-600x411.jpg 600w, https:\/\/allfixpro.de\/wp-content\/uploads\/2025\/07\/nachhaltige_baumaterialien.png-150x103.jpg 150w, https:\/\/allfixpro.de\/wp-content\/uploads\/2025\/07\/nachhaltige_baumaterialien.png.jpg 1216w\" sizes=\"auto, (max-width: 1024px) 100vw, 1024px\" \/>\t\t\t\t\t<\/div>\n\t\t\t\t\t\t\t\t\t\t<a class=\"wd-fill\" tabindex=\"-1\" href=\"https:\/\/allfixpro.de\/es\/nachhaltige-baumaterialien\/\" aria-label=\"Link on post Bauwirtschaft im Wandel: Innovative Ans\u00e4tze f\u00fcr nachhaltige Baumaterialien\"><\/a>\n\t\t\t\t\n\t\t\t\t\t\t\t\t\t\t\t\t<div class=\"wd-post-date wd-style-with-bg\">\n\t\t\t\t<span class=\"post-date-day\">\n\t\t\t\t\t22\t\t\t\t<\/span>\n\t\t\t\t<span class=\"post-date-month\">\n\t\t\t\t\tJul\t\t\t\t<\/span>\n\t\t\t<\/div>\n\t\t\t\t\t\t\t\t\t<\/div>\n\t\t\n\t\t<div class=\"wd-post-content article-body-container\">\n\t\t\t\t\t\t\t<div class=\"wd-post-cat wd-style-with-bg meta-post-categories\">\n\t\t\t\t\t<a href=\"https:\/\/allfixpro.de\/es\/category\/nachhaltiges_bauen\/\" rel=\"category tag\">Construcci\u00f3n sostenible<\/a>\t\t\t\t<\/div>\n\t\t\t\n\t\t\t\t\t\t\t<h3 class=\"wd-post-title wd-entities-title title post-title\">\n\t\t\t\t\t<a href=\"https:\/\/allfixpro.de\/es\/nachhaltige-baumaterialien\/\" rel=\"bookmark\">La industria de la construcci\u00f3n en transici\u00f3n: enfoques innovadores para materiales de construcci\u00f3n sostenibles<\/a>\n\t\t\t\t<\/h3>\n\t\t\t\n\t\t\t\t\t\t\t<div class=\"wd-post-meta\">\n\t\t\t\t\t\t\t\t\t\t\t\t\t\t\t<div class=\"wd-post-author\">\n\t\t\t\t\t\t\t\t\t\t\t<span>Posted by<\/span>\n\t\t\n\t\t\t\t\t<img alt='avatar del autor' src='https:\/\/allfixpro.de\/wp-content\/litespeed\/avatar\/e66620e49ddaa024b23494cabec611c7.jpg?ver=1776970137' srcset='https:\/\/allfixpro.de\/wp-content\/litespeed\/avatar\/5c174d9096d821ff16aaf764393c4f39.jpg?ver=1776970137 2x' class='avatar avatar-18 photo' height='18' width='18' \/>\t\t\n\t\t\t\t\t<a href=\"https:\/\/allfixpro.de\/es\/author\/allfixpro1gmail-com\/\" class=\"author\" rel=\"author\">allfixpro1@gmail.com<\/a>\n\t\t\t\t\t\t\t\t\t<\/div>\n\t\t\t\t\t<div class=\"wd-modified-date\">\n\t\t\t\t\t\t\t\t<time class=\"updated\" datetime=\"2025-07-19T05:29:58+00:00\">\n\t\t\t19 de julio de 2025\t\t<\/time>\n\t\t\t\t\t\t\t<\/div>\n\n\t\t\t\t\t\t\t\t\t\t\t<div tabindex=\"0\" class=\"wd-post-share wd-tltp\">\n\t\t\t\t\t\t\t<div class=\"tooltip top\">\n\t\t\t\t\t\t\t\t<div class=\"tooltip-inner\">\n\t\t\t\t\t\t\t\t\t\t\t\t<div\n\t\t\t\t\t\tclass=\"wd-social-icons wd-style-default wd-size-small social-share wd-shape-circle color-scheme-light text-center\">\n\t\t\t\t\n\t\t\t\t\n\t\t\t\t\t\t\t\t\t<a rel=\"noopener noreferrer nofollow\" href=\"https:\/\/www.facebook.com\/sharer\/sharer.php?u=https:\/\/allfixpro.de\/es\/nachhaltige-baumaterialien\/\" target=\"_blank\" class=\"wd-social-icon social-facebook\" aria-label=\"Facebook social link\">\n\t\t\t\t\t\t<span class=\"wd-icon\"><\/span>\n\t\t\t\t\t\t\t\t\t\t\t<\/a>\n\t\t\t\t\n\t\t\t\t\t\t\t\t\t<a rel=\"noopener noreferrer nofollow\" href=\"https:\/\/x.com\/share?url=https:\/\/allfixpro.de\/es\/nachhaltige-baumaterialien\/\" target=\"_blank\" class=\"wd-social-icon social-twitter\" aria-label=\"X social link\">\n\t\t\t\t\t\t<span class=\"wd-icon\"><\/span>\n\t\t\t\t\t\t\t\t\t\t\t<\/a>\n\t\t\t\t\n\t\t\t\t\n\t\t\t\t\n\t\t\t\t\n\t\t\t\t\n\t\t\t\t\n\t\t\t\t\t\t\t\t\t<a rel=\"noopener noreferrer nofollow\" href=\"https:\/\/pinterest.com\/pin\/create\/button\/?url=https:\/\/allfixpro.de\/es\/nachhaltige-baumaterialien\/&#038;media=https:\/\/allfixpro.de\/wp-content\/uploads\/2025\/07\/nachhaltige_baumaterialien.png.jpg&#038;description=Bauwirtschaft%20im%20Wandel%3A%20Innovative%20Ans%C3%A4tze%20f%C3%BCr%20nachhaltige%20Baumaterialien\" target=\"_blank\" class=\"wd-social-icon social-pinterest\" aria-label=\"Pinterest social link\">\n\t\t\t\t\t\t<span class=\"wd-icon\"><\/span>\n\t\t\t\t\t\t\t\t\t\t\t<\/a>\n\t\t\t\t\n\t\t\t\t\n\t\t\t\t\t\t\t\t\t<a rel=\"noopener noreferrer nofollow\" href=\"https:\/\/www.linkedin.com\/shareArticle?mini=true&#038;url=https:\/\/allfixpro.de\/es\/nachhaltige-baumaterialien\/\" target=\"_blank\" class=\"wd-social-icon social-linkedin\" aria-label=\"Linkedin social link\">\n\t\t\t\t\t\t<span class=\"wd-icon\"><\/span>\n\t\t\t\t\t\t\t\t\t\t\t<\/a>\n\t\t\t\t\n\t\t\t\t\n\t\t\t\t\n\t\t\t\t\n\t\t\t\t\n\t\t\t\t\n\t\t\t\t\n\t\t\t\t\n\t\t\t\t\n\t\t\t\t\n\t\t\t\t\n\t\t\t\t\n\t\t\t\t\n\t\t\t\t\n\t\t\t\t\n\t\t\t\t\t\t\t\t\t<a rel=\"noopener noreferrer nofollow\" href=\"https:\/\/telegram.me\/share\/url?url=https:\/\/allfixpro.de\/es\/nachhaltige-baumaterialien\/\" target=\"_blank\" class=\"wd-social-icon social-tg\" aria-label=\"Telegram social link\">\n\t\t\t\t\t\t<span class=\"wd-icon\"><\/span>\n\t\t\t\t\t\t\t\t\t\t\t<\/a>\n\t\t\t\t\n\t\t\t\t\n\t\t\t<\/div>\n\n\t\t\t\t\t\t\t\t\t\t<\/div>\n\t\t\t\t\t\t\t\t<div class=\"tooltip-arrow\"><\/div>\n\t\t\t\t\t\t\t<\/div>\n\t\t\t\t\t\t<\/div>\n\t\t\t\t\t\n\t\t\t\t\t\t\t\t\t\t\t\t\t\t\t\t\t<div class=\"wd-post-reply wd-style-1\">\n\t\t\t\t\t\t\t<a href=\"https:\/\/allfixpro.de\/es\/nachhaltige-baumaterialien\/#respond\"><span class=\"wd-replies-count\">0<\/span><\/a>\t\t\t\t\t\t<\/div>\n\t\t\t\t\t\t\t\t\t<\/div>\n\t\t\t\n\t\t\t\t\t\t\t\t\t\t\t\t<div class=\"wd-post-excerpt entry-content\">\n\t\t\t\t\t\tLa industria de la construcci\u00f3n en transici\u00f3n: enfoques innovadores para...\t\t\t\t\t<\/div>\n\t\t\t\t\n\t\t\t\t\t\t\t\t\t\t\t\t\t\t<div class=\"wd-post-read-more wd-style-link read-more-section\">\n\t\t\t\t\t\t<a class=\"\" href=\"https:\/\/allfixpro.de\/es\/nachhaltige-baumaterialien\/\">Continue reading<\/a>\t\t\t\t\t<\/div>\n\t\t\t\t\t\t\t\t\t\t\t\t\t<\/div>\n\t<\/div>\n<\/article>\n\n\t\t\t\t\t\t\t\t\t\t\t\t\t\t\n<article id=\"post-859\" class=\"wd-post blog-design-masonry blog-post-loop blog-style-bg wd-add-shadow wd-col post-859 post type-post status-publish format-standard has-post-thumbnail hentry category-industrie_sanierung tag-effizienz tag-gewerbebau tag-projektimplementierung tag-risikoarme-strategien tag-sicherheit\">\n\t<div class=\"wd-post-inner article-inner\">\n\t\t\t\t\t<div class=\"wd-post-thumb entry-header\">\n\t\t\t\t\t\t\t\t\t<div class=\"wd-post-img post-img-wrapp\">\n\t\t\t\t\t\t<img loading=\"lazy\" decoding=\"async\" width=\"1024\" height=\"701\" src=\"https:\/\/allfixpro.de\/wp-content\/uploads\/2025\/07\/risikoarme_projektstrategien.png-1024x701.jpg\" class=\"attachment-large size-large\" alt=\"Estrategias de proyectos de bajo riesgo en la construcci\u00f3n comercial\" srcset=\"https:\/\/allfixpro.de\/wp-content\/uploads\/2025\/07\/risikoarme_projektstrategien.png-1024x701.jpg 1024w, https:\/\/allfixpro.de\/wp-content\/uploads\/2025\/07\/risikoarme_projektstrategien.png-300x205.jpg 300w, https:\/\/allfixpro.de\/wp-content\/uploads\/2025\/07\/risikoarme_projektstrategien.png-768x525.jpg 768w, https:\/\/allfixpro.de\/wp-content\/uploads\/2025\/07\/risikoarme_projektstrategien.png-18x12.jpg 18w, https:\/\/allfixpro.de\/wp-content\/uploads\/2025\/07\/risikoarme_projektstrategien.png-600x411.jpg 600w, https:\/\/allfixpro.de\/wp-content\/uploads\/2025\/07\/risikoarme_projektstrategien.png-150x103.jpg 150w, https:\/\/allfixpro.de\/wp-content\/uploads\/2025\/07\/risikoarme_projektstrategien.png.jpg 1216w\" sizes=\"auto, (max-width: 1024px) 100vw, 1024px\" \/>\t\t\t\t\t<\/div>\n\t\t\t\t\t\t\t\t\t\t<a class=\"wd-fill\" tabindex=\"-1\" href=\"https:\/\/allfixpro.de\/es\/risikoarme-projektstrategien\/\" aria-label=\"Link on post 6 effektive risikoarme Projektstrategien f\u00fcr Sicherheit im Gewerbebau\"><\/a>\n\t\t\t\t\n\t\t\t\t\t\t\t\t\t\t\t\t<div class=\"wd-post-date wd-style-with-bg\">\n\t\t\t\t<span class=\"post-date-day\">\n\t\t\t\t\t19\t\t\t\t<\/span>\n\t\t\t\t<span class=\"post-date-month\">\n\t\t\t\t\tJul\t\t\t\t<\/span>\n\t\t\t<\/div>\n\t\t\t\t\t\t\t\t\t<\/div>\n\t\t\n\t\t<div class=\"wd-post-content article-body-container\">\n\t\t\t\t\t\t\t<div class=\"wd-post-cat wd-style-with-bg meta-post-categories\">\n\t\t\t\t\t<a href=\"https:\/\/allfixpro.de\/es\/category\/industrie_sanierung\/\" rel=\"category tag\">Renovaci\u00f3n industrial<\/a>\t\t\t\t<\/div>\n\t\t\t\n\t\t\t\t\t\t\t<h3 class=\"wd-post-title wd-entities-title title post-title\">\n\t\t\t\t\t<a href=\"https:\/\/allfixpro.de\/es\/risikoarme-projektstrategien\/\" rel=\"bookmark\">6 estrategias de proyectos eficaces y de bajo riesgo para la seguridad en la construcci\u00f3n comercial<\/a>\n\t\t\t\t<\/h3>\n\t\t\t\n\t\t\t\t\t\t\t<div class=\"wd-post-meta\">\n\t\t\t\t\t\t\t\t\t\t\t\t\t\t\t<div class=\"wd-post-author\">\n\t\t\t\t\t\t\t\t\t\t\t<span>Posted by<\/span>\n\t\t\n\t\t\t\t\t<img alt='avatar del autor' src='https:\/\/allfixpro.de\/wp-content\/litespeed\/avatar\/e66620e49ddaa024b23494cabec611c7.jpg?ver=1776970137' srcset='https:\/\/allfixpro.de\/wp-content\/litespeed\/avatar\/5c174d9096d821ff16aaf764393c4f39.jpg?ver=1776970137 2x' class='avatar avatar-18 photo' height='18' width='18' \/>\t\t\n\t\t\t\t\t<a href=\"https:\/\/allfixpro.de\/es\/author\/allfixpro1gmail-com\/\" class=\"author\" rel=\"author\">allfixpro1@gmail.com<\/a>\n\t\t\t\t\t\t\t\t\t<\/div>\n\t\t\t\t\t<div class=\"wd-modified-date\">\n\t\t\t\t\t\t\t\t<time class=\"updated\" datetime=\"2025-07-15T13:35:00+00:00\">\n\t\t\t15 de julio de 2025\t\t<\/time>\n\t\t\t\t\t\t\t<\/div>\n\n\t\t\t\t\t\t\t\t\t\t\t<div tabindex=\"0\" class=\"wd-post-share wd-tltp\">\n\t\t\t\t\t\t\t<div class=\"tooltip top\">\n\t\t\t\t\t\t\t\t<div class=\"tooltip-inner\">\n\t\t\t\t\t\t\t\t\t\t\t\t<div\n\t\t\t\t\t\tclass=\"wd-social-icons wd-style-default wd-size-small social-share wd-shape-circle color-scheme-light text-center\">\n\t\t\t\t\n\t\t\t\t\n\t\t\t\t\t\t\t\t\t<a rel=\"noopener noreferrer nofollow\" href=\"https:\/\/www.facebook.com\/sharer\/sharer.php?u=https:\/\/allfixpro.de\/es\/risikoarme-projektstrategien\/\" target=\"_blank\" class=\"wd-social-icon social-facebook\" aria-label=\"Facebook social link\">\n\t\t\t\t\t\t<span class=\"wd-icon\"><\/span>\n\t\t\t\t\t\t\t\t\t\t\t<\/a>\n\t\t\t\t\n\t\t\t\t\t\t\t\t\t<a rel=\"noopener noreferrer nofollow\" href=\"https:\/\/x.com\/share?url=https:\/\/allfixpro.de\/es\/risikoarme-projektstrategien\/\" target=\"_blank\" class=\"wd-social-icon social-twitter\" aria-label=\"X social link\">\n\t\t\t\t\t\t<span class=\"wd-icon\"><\/span>\n\t\t\t\t\t\t\t\t\t\t\t<\/a>\n\t\t\t\t\n\t\t\t\t\n\t\t\t\t\n\t\t\t\t\n\t\t\t\t\n\t\t\t\t\n\t\t\t\t\t\t\t\t\t<a rel=\"noopener noreferrer nofollow\" href=\"https:\/\/pinterest.com\/pin\/create\/button\/?url=https:\/\/allfixpro.de\/es\/risikoarme-projektstrategien\/&#038;media=https:\/\/allfixpro.de\/wp-content\/uploads\/2025\/07\/risikoarme_projektstrategien.png.jpg&#038;description=6%20effektive%20risikoarme%20Projektstrategien%20f%C3%BCr%20Sicherheit%20im%20Gewerbebau\" target=\"_blank\" class=\"wd-social-icon social-pinterest\" aria-label=\"Pinterest social link\">\n\t\t\t\t\t\t<span class=\"wd-icon\"><\/span>\n\t\t\t\t\t\t\t\t\t\t\t<\/a>\n\t\t\t\t\n\t\t\t\t\n\t\t\t\t\t\t\t\t\t<a rel=\"noopener noreferrer nofollow\" href=\"https:\/\/www.linkedin.com\/shareArticle?mini=true&#038;url=https:\/\/allfixpro.de\/es\/risikoarme-projektstrategien\/\" target=\"_blank\" class=\"wd-social-icon social-linkedin\" aria-label=\"Linkedin social link\">\n\t\t\t\t\t\t<span class=\"wd-icon\"><\/span>\n\t\t\t\t\t\t\t\t\t\t\t<\/a>\n\t\t\t\t\n\t\t\t\t\n\t\t\t\t\n\t\t\t\t\n\t\t\t\t\n\t\t\t\t\n\t\t\t\t\n\t\t\t\t\n\t\t\t\t\n\t\t\t\t\n\t\t\t\t\n\t\t\t\t\n\t\t\t\t\n\t\t\t\t\n\t\t\t\t\n\t\t\t\t\t\t\t\t\t<a rel=\"noopener noreferrer nofollow\" href=\"https:\/\/telegram.me\/share\/url?url=https:\/\/allfixpro.de\/es\/risikoarme-projektstrategien\/\" target=\"_blank\" class=\"wd-social-icon social-tg\" aria-label=\"Telegram social link\">\n\t\t\t\t\t\t<span class=\"wd-icon\"><\/span>\n\t\t\t\t\t\t\t\t\t\t\t<\/a>\n\t\t\t\t\n\t\t\t\t\n\t\t\t<\/div>\n\n\t\t\t\t\t\t\t\t\t\t<\/div>\n\t\t\t\t\t\t\t\t<div class=\"tooltip-arrow\"><\/div>\n\t\t\t\t\t\t\t<\/div>\n\t\t\t\t\t\t<\/div>\n\t\t\t\t\t\n\t\t\t\t\t\t\t\t\t\t\t\t\t\t\t\t\t<div class=\"wd-post-reply wd-style-1\">\n\t\t\t\t\t\t\t<a href=\"https:\/\/allfixpro.de\/es\/risikoarme-projektstrategien\/#respond\"><span class=\"wd-replies-count\">0<\/span><\/a>\t\t\t\t\t\t<\/div>\n\t\t\t\t\t\t\t\t\t<\/div>\n\t\t\t\n\t\t\t\t\t\t\t\t\t\t\t\t<div class=\"wd-post-excerpt entry-content\">\n\t\t\t\t\t\tSeguridad en la construcci\u00f3n comercial: Estrategias para...\t\t\t\t\t<\/div>\n\t\t\t\t\n\t\t\t\t\t\t\t\t\t\t\t\t\t\t<div class=\"wd-post-read-more wd-style-link read-more-section\">\n\t\t\t\t\t\t<a class=\"\" href=\"https:\/\/allfixpro.de\/es\/risikoarme-projektstrategien\/\">Continue reading<\/a>\t\t\t\t\t<\/div>\n\t\t\t\t\t\t\t\t\t\t\t\t\t<\/div>\n\t<\/div>\n<\/article>\n\n\t\t\t\t\t\t\t\t\t\t\t\t\t\t\n<article id=\"post-853\" class=\"wd-post blog-design-masonry blog-post-loop blog-style-bg wd-add-shadow wd-col post-853 post type-post status-publish format-standard has-post-thumbnail hentry category-industrie_sanierung tag-bauindustrie tag-baustoffe tag-gewerbebauten tag-innovative-materialien tag-nachhaltigkeit\">\n\t<div class=\"wd-post-inner article-inner\">\n\t\t\t\t\t<div class=\"wd-post-thumb entry-header\">\n\t\t\t\t\t\t\t\t\t<div class=\"wd-post-img post-img-wrapp\">\n\t\t\t\t\t\t<img loading=\"lazy\" decoding=\"async\" width=\"1024\" height=\"701\" src=\"https:\/\/allfixpro.de\/wp-content\/uploads\/2025\/07\/innovative_baustoffe.png-1024x701.jpg\" class=\"attachment-large size-large\" alt=\"Nuevos materiales de construcci\u00f3n innovadores para edificios comerciales\" srcset=\"https:\/\/allfixpro.de\/wp-content\/uploads\/2025\/07\/innovative_baustoffe.png-1024x701.jpg 1024w, https:\/\/allfixpro.de\/wp-content\/uploads\/2025\/07\/innovative_baustoffe.png-300x205.jpg 300w, https:\/\/allfixpro.de\/wp-content\/uploads\/2025\/07\/innovative_baustoffe.png-768x525.jpg 768w, https:\/\/allfixpro.de\/wp-content\/uploads\/2025\/07\/innovative_baustoffe.png-18x12.jpg 18w, https:\/\/allfixpro.de\/wp-content\/uploads\/2025\/07\/innovative_baustoffe.png-600x411.jpg 600w, https:\/\/allfixpro.de\/wp-content\/uploads\/2025\/07\/innovative_baustoffe.png-150x103.jpg 150w, https:\/\/allfixpro.de\/wp-content\/uploads\/2025\/07\/innovative_baustoffe.png.jpg 1216w\" sizes=\"auto, (max-width: 1024px) 100vw, 1024px\" \/>\t\t\t\t\t<\/div>\n\t\t\t\t\t\t\t\t\t\t<a class=\"wd-fill\" tabindex=\"-1\" href=\"https:\/\/allfixpro.de\/es\/innovative-baustoffe\/\" aria-label=\"Link on post 8 Innovative Baustoffe f\u00fcr Gewerbebauten: \u00dcberpr\u00fcfung der neuesten Trends\"><\/a>\n\t\t\t\t\n\t\t\t\t\t\t\t\t\t\t\t\t<div class=\"wd-post-date wd-style-with-bg\">\n\t\t\t\t<span class=\"post-date-day\">\n\t\t\t\t\t15\t\t\t\t<\/span>\n\t\t\t\t<span class=\"post-date-month\">\n\t\t\t\t\tJul\t\t\t\t<\/span>\n\t\t\t<\/div>\n\t\t\t\t\t\t\t\t\t<\/div>\n\t\t\n\t\t<div class=\"wd-post-content article-body-container\">\n\t\t\t\t\t\t\t<div class=\"wd-post-cat wd-style-with-bg meta-post-categories\">\n\t\t\t\t\t<a href=\"https:\/\/allfixpro.de\/es\/category\/industrie_sanierung\/\" rel=\"category tag\">Renovaci\u00f3n industrial<\/a>\t\t\t\t<\/div>\n\t\t\t\n\t\t\t\t\t\t\t<h3 class=\"wd-post-title wd-entities-title title post-title\">\n\t\t\t\t\t<a href=\"https:\/\/allfixpro.de\/es\/innovative-baustoffe\/\" rel=\"bookmark\">8 materiales de construcci\u00f3n innovadores para edificios comerciales: an\u00e1lisis de las \u00faltimas tendencias<\/a>\n\t\t\t\t<\/h3>\n\t\t\t\n\t\t\t\t\t\t\t<div class=\"wd-post-meta\">\n\t\t\t\t\t\t\t\t\t\t\t\t\t\t\t<div class=\"wd-post-author\">\n\t\t\t\t\t\t\t\t\t\t\t<span>Posted by<\/span>\n\t\t\n\t\t\t\t\t<img alt='avatar del autor' src='https:\/\/allfixpro.de\/wp-content\/litespeed\/avatar\/e66620e49ddaa024b23494cabec611c7.jpg?ver=1776970137' srcset='https:\/\/allfixpro.de\/wp-content\/litespeed\/avatar\/5c174d9096d821ff16aaf764393c4f39.jpg?ver=1776970137 2x' class='avatar avatar-18 photo' height='18' width='18' \/>\t\t\n\t\t\t\t\t<a href=\"https:\/\/allfixpro.de\/es\/author\/allfixpro1gmail-com\/\" class=\"author\" rel=\"author\">allfixpro1@gmail.com<\/a>\n\t\t\t\t\t\t\t\t\t<\/div>\n\t\t\t\t\t<div class=\"wd-modified-date\">\n\t\t\t\t\t\t\t\t<time class=\"updated\" datetime=\"2025-07-12T07:28:18+00:00\">\n\t\t\t12 de julio de 2025\t\t<\/time>\n\t\t\t\t\t\t\t<\/div>\n\n\t\t\t\t\t\t\t\t\t\t\t<div tabindex=\"0\" class=\"wd-post-share wd-tltp\">\n\t\t\t\t\t\t\t<div class=\"tooltip top\">\n\t\t\t\t\t\t\t\t<div class=\"tooltip-inner\">\n\t\t\t\t\t\t\t\t\t\t\t\t<div\n\t\t\t\t\t\tclass=\"wd-social-icons wd-style-default wd-size-small social-share wd-shape-circle color-scheme-light text-center\">\n\t\t\t\t\n\t\t\t\t\n\t\t\t\t\t\t\t\t\t<a rel=\"noopener noreferrer nofollow\" href=\"https:\/\/www.facebook.com\/sharer\/sharer.php?u=https:\/\/allfixpro.de\/es\/innovative-baustoffe\/\" target=\"_blank\" class=\"wd-social-icon social-facebook\" aria-label=\"Facebook social link\">\n\t\t\t\t\t\t<span class=\"wd-icon\"><\/span>\n\t\t\t\t\t\t\t\t\t\t\t<\/a>\n\t\t\t\t\n\t\t\t\t\t\t\t\t\t<a rel=\"noopener noreferrer nofollow\" href=\"https:\/\/x.com\/share?url=https:\/\/allfixpro.de\/es\/innovative-baustoffe\/\" target=\"_blank\" class=\"wd-social-icon social-twitter\" aria-label=\"X social link\">\n\t\t\t\t\t\t<span class=\"wd-icon\"><\/span>\n\t\t\t\t\t\t\t\t\t\t\t<\/a>\n\t\t\t\t\n\t\t\t\t\n\t\t\t\t\n\t\t\t\t\n\t\t\t\t\n\t\t\t\t\n\t\t\t\t\t\t\t\t\t<a rel=\"noopener noreferrer nofollow\" href=\"https:\/\/pinterest.com\/pin\/create\/button\/?url=https:\/\/allfixpro.de\/es\/innovative-baustoffe\/&#038;media=https:\/\/allfixpro.de\/wp-content\/uploads\/2025\/07\/innovative_baustoffe.png.jpg&#038;description=8%20Innovative%20Baustoffe%20f%C3%BCr%20Gewerbebauten%3A%20%C3%9Cberpr%C3%BCfung%20der%20neuesten%20Trends\" target=\"_blank\" class=\"wd-social-icon social-pinterest\" aria-label=\"Pinterest social link\">\n\t\t\t\t\t\t<span class=\"wd-icon\"><\/span>\n\t\t\t\t\t\t\t\t\t\t\t<\/a>\n\t\t\t\t\n\t\t\t\t\n\t\t\t\t\t\t\t\t\t<a rel=\"noopener noreferrer nofollow\" href=\"https:\/\/www.linkedin.com\/shareArticle?mini=true&#038;url=https:\/\/allfixpro.de\/es\/innovative-baustoffe\/\" target=\"_blank\" class=\"wd-social-icon social-linkedin\" aria-label=\"Linkedin social link\">\n\t\t\t\t\t\t<span class=\"wd-icon\"><\/span>\n\t\t\t\t\t\t\t\t\t\t\t<\/a>\n\t\t\t\t\n\t\t\t\t\n\t\t\t\t\n\t\t\t\t\n\t\t\t\t\n\t\t\t\t\n\t\t\t\t\n\t\t\t\t\n\t\t\t\t\n\t\t\t\t\n\t\t\t\t\n\t\t\t\t\n\t\t\t\t\n\t\t\t\t\n\t\t\t\t\n\t\t\t\t\t\t\t\t\t<a rel=\"noopener noreferrer nofollow\" href=\"https:\/\/telegram.me\/share\/url?url=https:\/\/allfixpro.de\/es\/innovative-baustoffe\/\" target=\"_blank\" class=\"wd-social-icon social-tg\" aria-label=\"Telegram social link\">\n\t\t\t\t\t\t<span class=\"wd-icon\"><\/span>\n\t\t\t\t\t\t\t\t\t\t\t<\/a>\n\t\t\t\t\n\t\t\t\t\n\t\t\t<\/div>\n\n\t\t\t\t\t\t\t\t\t\t<\/div>\n\t\t\t\t\t\t\t\t<div class=\"tooltip-arrow\"><\/div>\n\t\t\t\t\t\t\t<\/div>\n\t\t\t\t\t\t<\/div>\n\t\t\t\t\t\n\t\t\t\t\t\t\t\t\t\t\t\t\t\t\t\t\t<div class=\"wd-post-reply wd-style-1\">\n\t\t\t\t\t\t\t<a href=\"https:\/\/allfixpro.de\/es\/innovative-baustoffe\/#respond\"><span class=\"wd-replies-count\">0<\/span><\/a>\t\t\t\t\t\t<\/div>\n\t\t\t\t\t\t\t\t\t<\/div>\n\t\t\t\n\t\t\t\t\t\t\t\t\t\t\t\t<div class=\"wd-post-excerpt entry-content\">\n\t\t\t\t\t\tMateriales innovadores para edificios comerciales: A...\t\t\t\t\t<\/div>\n\t\t\t\t\n\t\t\t\t\t\t\t\t\t\t\t\t\t\t<div class=\"wd-post-read-more wd-style-link read-more-section\">\n\t\t\t\t\t\t<a class=\"\" href=\"https:\/\/allfixpro.de\/es\/innovative-baustoffe\/\">Continue reading<\/a>\t\t\t\t\t<\/div>\n\t\t\t\t\t\t\t\t\t\t\t\t\t<\/div>\n\t<\/div>\n<\/article>\n\n\t\t\t\t\t\t\t\t\t\t\t\t\t\t\n<article id=\"post-847\" class=\"wd-post blog-design-masonry blog-post-loop blog-style-bg wd-add-shadow wd-col post-847 post type-post status-publish format-standard has-post-thumbnail hentry category-industrie_sanierung tag-digitalisierung tag-herausforderungen tag-industrieanlagen tag-moderne-industrie tag-sanierung\">\n\t<div class=\"wd-post-inner article-inner\">\n\t\t\t\t\t<div class=\"wd-post-thumb entry-header\">\n\t\t\t\t\t\t\t\t\t<div class=\"wd-post-img post-img-wrapp\">\n\t\t\t\t\t\t<img loading=\"lazy\" decoding=\"async\" width=\"1024\" height=\"701\" src=\"https:\/\/allfixpro.de\/wp-content\/uploads\/2025\/07\/digitalisierung_in_der_sanierung.png-1024x701.jpg\" class=\"attachment-large size-large\" alt=\"La digitalizaci\u00f3n en la renovaci\u00f3n de plantas industriales\" srcset=\"https:\/\/allfixpro.de\/wp-content\/uploads\/2025\/07\/digitalisierung_in_der_sanierung.png-1024x701.jpg 1024w, https:\/\/allfixpro.de\/wp-content\/uploads\/2025\/07\/digitalisierung_in_der_sanierung.png-300x205.jpg 300w, https:\/\/allfixpro.de\/wp-content\/uploads\/2025\/07\/digitalisierung_in_der_sanierung.png-768x525.jpg 768w, https:\/\/allfixpro.de\/wp-content\/uploads\/2025\/07\/digitalisierung_in_der_sanierung.png-18x12.jpg 18w, https:\/\/allfixpro.de\/wp-content\/uploads\/2025\/07\/digitalisierung_in_der_sanierung.png-600x411.jpg 600w, https:\/\/allfixpro.de\/wp-content\/uploads\/2025\/07\/digitalisierung_in_der_sanierung.png-150x103.jpg 150w, https:\/\/allfixpro.de\/wp-content\/uploads\/2025\/07\/digitalisierung_in_der_sanierung.png.jpg 1216w\" sizes=\"auto, (max-width: 1024px) 100vw, 1024px\" \/>\t\t\t\t\t<\/div>\n\t\t\t\t\t\t\t\t\t\t<a class=\"wd-fill\" tabindex=\"-1\" href=\"https:\/\/allfixpro.de\/es\/digitalisierung-in-der-sanierung\/\" aria-label=\"Link on post 7 Wege, wie die Digitalisierung in der Sanierung Industrieanlagen revolutioniert\"><\/a>\n\t\t\t\t\n\t\t\t\t\t\t\t\t\t\t\t\t<div class=\"wd-post-date wd-style-with-bg\">\n\t\t\t\t<span class=\"post-date-day\">\n\t\t\t\t\t12\t\t\t\t<\/span>\n\t\t\t\t<span class=\"post-date-month\">\n\t\t\t\t\tJul\t\t\t\t<\/span>\n\t\t\t<\/div>\n\t\t\t\t\t\t\t\t\t<\/div>\n\t\t\n\t\t<div class=\"wd-post-content article-body-container\">\n\t\t\t\t\t\t\t<div class=\"wd-post-cat wd-style-with-bg meta-post-categories\">\n\t\t\t\t\t<a href=\"https:\/\/allfixpro.de\/es\/category\/industrie_sanierung\/\" rel=\"category tag\">Renovaci\u00f3n industrial<\/a>\t\t\t\t<\/div>\n\t\t\t\n\t\t\t\t\t\t\t<h3 class=\"wd-post-title wd-entities-title title post-title\">\n\t\t\t\t\t<a href=\"https:\/\/allfixpro.de\/es\/digitalisierung-in-der-sanierung\/\" rel=\"bookmark\">7 formas en que la digitalizaci\u00f3n en la rehabilitaci\u00f3n est\u00e1 revolucionando las plantas industriales<\/a>\n\t\t\t\t<\/h3>\n\t\t\t\n\t\t\t\t\t\t\t<div class=\"wd-post-meta\">\n\t\t\t\t\t\t\t\t\t\t\t\t\t\t\t<div class=\"wd-post-author\">\n\t\t\t\t\t\t\t\t\t\t\t<span>Posted by<\/span>\n\t\t\n\t\t\t\t\t<img alt='avatar del autor' src='https:\/\/allfixpro.de\/wp-content\/litespeed\/avatar\/e66620e49ddaa024b23494cabec611c7.jpg?ver=1776970137' srcset='https:\/\/allfixpro.de\/wp-content\/litespeed\/avatar\/5c174d9096d821ff16aaf764393c4f39.jpg?ver=1776970137 2x' class='avatar avatar-18 photo' height='18' width='18' \/>\t\t\n\t\t\t\t\t<a href=\"https:\/\/allfixpro.de\/es\/author\/allfixpro1gmail-com\/\" class=\"author\" rel=\"author\">allfixpro1@gmail.com<\/a>\n\t\t\t\t\t\t\t\t\t<\/div>\n\t\t\t\t\t<div class=\"wd-modified-date\">\n\t\t\t\t\t\t\t\t<time class=\"updated\" datetime=\"2025-07-08T16:41:16+00:00\">\n\t\t\t8 de julio de 2025\t\t<\/time>\n\t\t\t\t\t\t\t<\/div>\n\n\t\t\t\t\t\t\t\t\t\t\t<div tabindex=\"0\" class=\"wd-post-share wd-tltp\">\n\t\t\t\t\t\t\t<div class=\"tooltip top\">\n\t\t\t\t\t\t\t\t<div class=\"tooltip-inner\">\n\t\t\t\t\t\t\t\t\t\t\t\t<div\n\t\t\t\t\t\tclass=\"wd-social-icons wd-style-default wd-size-small social-share wd-shape-circle color-scheme-light text-center\">\n\t\t\t\t\n\t\t\t\t\n\t\t\t\t\t\t\t\t\t<a rel=\"noopener noreferrer nofollow\" href=\"https:\/\/www.facebook.com\/sharer\/sharer.php?u=https:\/\/allfixpro.de\/es\/digitalisierung-in-der-sanierung\/\" target=\"_blank\" class=\"wd-social-icon social-facebook\" aria-label=\"Facebook social link\">\n\t\t\t\t\t\t<span class=\"wd-icon\"><\/span>\n\t\t\t\t\t\t\t\t\t\t\t<\/a>\n\t\t\t\t\n\t\t\t\t\t\t\t\t\t<a rel=\"noopener noreferrer nofollow\" href=\"https:\/\/x.com\/share?url=https:\/\/allfixpro.de\/es\/digitalisierung-in-der-sanierung\/\" target=\"_blank\" class=\"wd-social-icon social-twitter\" aria-label=\"X social link\">\n\t\t\t\t\t\t<span class=\"wd-icon\"><\/span>\n\t\t\t\t\t\t\t\t\t\t\t<\/a>\n\t\t\t\t\n\t\t\t\t\n\t\t\t\t\n\t\t\t\t\n\t\t\t\t\n\t\t\t\t\n\t\t\t\t\t\t\t\t\t<a rel=\"noopener noreferrer nofollow\" href=\"https:\/\/pinterest.com\/pin\/create\/button\/?url=https:\/\/allfixpro.de\/es\/digitalisierung-in-der-sanierung\/&#038;media=https:\/\/allfixpro.de\/wp-content\/uploads\/2025\/07\/digitalisierung_in_der_sanierung.png.jpg&#038;description=7%20Wege%2C%20wie%20die%20Digitalisierung%20in%20der%20Sanierung%20Industrieanlagen%20revolutioniert\" target=\"_blank\" class=\"wd-social-icon social-pinterest\" aria-label=\"Pinterest social link\">\n\t\t\t\t\t\t<span class=\"wd-icon\"><\/span>\n\t\t\t\t\t\t\t\t\t\t\t<\/a>\n\t\t\t\t\n\t\t\t\t\n\t\t\t\t\t\t\t\t\t<a rel=\"noopener noreferrer nofollow\" href=\"https:\/\/www.linkedin.com\/shareArticle?mini=true&#038;url=https:\/\/allfixpro.de\/es\/digitalisierung-in-der-sanierung\/\" target=\"_blank\" class=\"wd-social-icon social-linkedin\" aria-label=\"Linkedin social link\">\n\t\t\t\t\t\t<span class=\"wd-icon\"><\/span>\n\t\t\t\t\t\t\t\t\t\t\t<\/a>\n\t\t\t\t\n\t\t\t\t\n\t\t\t\t\n\t\t\t\t\n\t\t\t\t\n\t\t\t\t\n\t\t\t\t\n\t\t\t\t\n\t\t\t\t\n\t\t\t\t\n\t\t\t\t\n\t\t\t\t\n\t\t\t\t\n\t\t\t\t\n\t\t\t\t\n\t\t\t\t\t\t\t\t\t<a rel=\"noopener noreferrer nofollow\" href=\"https:\/\/telegram.me\/share\/url?url=https:\/\/allfixpro.de\/es\/digitalisierung-in-der-sanierung\/\" target=\"_blank\" class=\"wd-social-icon social-tg\" aria-label=\"Telegram social link\">\n\t\t\t\t\t\t<span class=\"wd-icon\"><\/span>\n\t\t\t\t\t\t\t\t\t\t\t<\/a>\n\t\t\t\t\n\t\t\t\t\n\t\t\t<\/div>\n\n\t\t\t\t\t\t\t\t\t\t<\/div>\n\t\t\t\t\t\t\t\t<div class=\"tooltip-arrow\"><\/div>\n\t\t\t\t\t\t\t<\/div>\n\t\t\t\t\t\t<\/div>\n\t\t\t\t\t\n\t\t\t\t\t\t\t\t\t\t\t\t\t\t\t\t\t<div class=\"wd-post-reply wd-style-1\">\n\t\t\t\t\t\t\t<a href=\"https:\/\/allfixpro.de\/es\/digitalisierung-in-der-sanierung\/#respond\"><span class=\"wd-replies-count\">0<\/span><\/a>\t\t\t\t\t\t<\/div>\n\t\t\t\t\t\t\t\t\t<\/div>\n\t\t\t\n\t\t\t\t\t\t\t\t\t\t\t\t<div class=\"wd-post-excerpt entry-content\">\n\t\t\t\t\t\tEl papel de la digitalizaci\u00f3n en el \u00e9xito...\t\t\t\t\t<\/div>\n\t\t\t\t\n\t\t\t\t\t\t\t\t\t\t\t\t\t\t<div class=\"wd-post-read-more wd-style-link read-more-section\">\n\t\t\t\t\t\t<a class=\"\" href=\"https:\/\/allfixpro.de\/es\/digitalisierung-in-der-sanierung\/\">Continue reading<\/a>\t\t\t\t\t<\/div>\n\t\t\t\t\t\t\t\t\t\t\t\t\t<\/div>\n\t<\/div>\n<\/article>\n\n\t\t\t\t\t\t\t\t\t\t\t\t\t\t\n<article id=\"post-840\" class=\"wd-post blog-design-masonry blog-post-loop blog-style-bg wd-add-shadow wd-col post-840 post type-post status-publish format-standard has-post-thumbnail hentry category-industrie_sanierung tag-best-practices tag-gewerbe-renovierung tag-nachhaltigkeit tag-technologie tag-trends\">\n\t<div class=\"wd-post-inner article-inner\">\n\t\t\t\t\t<div class=\"wd-post-thumb entry-header\">\n\t\t\t\t\t\t\t\t\t<div class=\"wd-post-img post-img-wrapp\">\n\t\t\t\t\t\t<img loading=\"lazy\" decoding=\"async\" width=\"1024\" height=\"701\" src=\"https:\/\/allfixpro.de\/wp-content\/uploads\/2025\/07\/gewerbe_renovierung_trends.png-1024x701.jpg\" class=\"attachment-large size-large\" alt=\"Tendencias de renovaci\u00f3n comercial 2023\" srcset=\"https:\/\/allfixpro.de\/wp-content\/uploads\/2025\/07\/gewerbe_renovierung_trends.png-1024x701.jpg 1024w, https:\/\/allfixpro.de\/wp-content\/uploads\/2025\/07\/gewerbe_renovierung_trends.png-300x205.jpg 300w, https:\/\/allfixpro.de\/wp-content\/uploads\/2025\/07\/gewerbe_renovierung_trends.png-768x525.jpg 768w, https:\/\/allfixpro.de\/wp-content\/uploads\/2025\/07\/gewerbe_renovierung_trends.png-18x12.jpg 18w, https:\/\/allfixpro.de\/wp-content\/uploads\/2025\/07\/gewerbe_renovierung_trends.png-600x411.jpg 600w, https:\/\/allfixpro.de\/wp-content\/uploads\/2025\/07\/gewerbe_renovierung_trends.png-150x103.jpg 150w, https:\/\/allfixpro.de\/wp-content\/uploads\/2025\/07\/gewerbe_renovierung_trends.png.jpg 1216w\" sizes=\"auto, (max-width: 1024px) 100vw, 1024px\" \/>\t\t\t\t\t<\/div>\n\t\t\t\t\t\t\t\t\t\t<a class=\"wd-fill\" tabindex=\"-1\" href=\"https:\/\/allfixpro.de\/es\/gewerbe-renovierung-trends\/\" aria-label=\"Link on post 13 Gewerbe Renovierung Trends: Best Practices f\u00fcr erfolgreiche Projekte\"><\/a>\n\t\t\t\t\n\t\t\t\t\t\t\t\t\t\t\t\t<div class=\"wd-post-date wd-style-with-bg\">\n\t\t\t\t<span class=\"post-date-day\">\n\t\t\t\t\t08\t\t\t\t<\/span>\n\t\t\t\t<span class=\"post-date-month\">\n\t\t\t\t\tJul\t\t\t\t<\/span>\n\t\t\t<\/div>\n\t\t\t\t\t\t\t\t\t<\/div>\n\t\t\n\t\t<div class=\"wd-post-content article-body-container\">\n\t\t\t\t\t\t\t<div class=\"wd-post-cat wd-style-with-bg meta-post-categories\">\n\t\t\t\t\t<a href=\"https:\/\/allfixpro.de\/es\/category\/industrie_sanierung\/\" rel=\"category tag\">Renovaci\u00f3n industrial<\/a>\t\t\t\t<\/div>\n\t\t\t\n\t\t\t\t\t\t\t<h3 class=\"wd-post-title wd-entities-title title post-title\">\n\t\t\t\t\t<a href=\"https:\/\/allfixpro.de\/es\/gewerbe-renovierung-trends\/\" rel=\"bookmark\">13 tendencias de renovaci\u00f3n comercial: mejores pr\u00e1cticas para proyectos exitosos<\/a>\n\t\t\t\t<\/h3>\n\t\t\t\n\t\t\t\t\t\t\t<div class=\"wd-post-meta\">\n\t\t\t\t\t\t\t\t\t\t\t\t\t\t\t<div class=\"wd-post-author\">\n\t\t\t\t\t\t\t\t\t\t\t<span>Posted by<\/span>\n\t\t\n\t\t\t\t\t<img alt='avatar del autor' src='https:\/\/allfixpro.de\/wp-content\/litespeed\/avatar\/e66620e49ddaa024b23494cabec611c7.jpg?ver=1776970137' srcset='https:\/\/allfixpro.de\/wp-content\/litespeed\/avatar\/5c174d9096d821ff16aaf764393c4f39.jpg?ver=1776970137 2x' class='avatar avatar-18 photo' height='18' width='18' \/>\t\t\n\t\t\t\t\t<a href=\"https:\/\/allfixpro.de\/es\/author\/allfixpro1gmail-com\/\" class=\"author\" rel=\"author\">allfixpro1@gmail.com<\/a>\n\t\t\t\t\t\t\t\t\t<\/div>\n\t\t\t\t\t<div class=\"wd-modified-date\">\n\t\t\t\t\t\t\t\t<time class=\"updated\" datetime=\"2025-07-05T08:50:35+00:00\">\n\t\t\t5 de julio de 2025\t\t<\/time>\n\t\t\t\t\t\t\t<\/div>\n\n\t\t\t\t\t\t\t\t\t\t\t<div tabindex=\"0\" class=\"wd-post-share wd-tltp\">\n\t\t\t\t\t\t\t<div class=\"tooltip top\">\n\t\t\t\t\t\t\t\t<div class=\"tooltip-inner\">\n\t\t\t\t\t\t\t\t\t\t\t\t<div\n\t\t\t\t\t\tclass=\"wd-social-icons wd-style-default wd-size-small social-share wd-shape-circle color-scheme-light text-center\">\n\t\t\t\t\n\t\t\t\t\n\t\t\t\t\t\t\t\t\t<a rel=\"noopener noreferrer nofollow\" href=\"https:\/\/www.facebook.com\/sharer\/sharer.php?u=https:\/\/allfixpro.de\/es\/gewerbe-renovierung-trends\/\" target=\"_blank\" class=\"wd-social-icon social-facebook\" aria-label=\"Facebook social link\">\n\t\t\t\t\t\t<span class=\"wd-icon\"><\/span>\n\t\t\t\t\t\t\t\t\t\t\t<\/a>\n\t\t\t\t\n\t\t\t\t\t\t\t\t\t<a rel=\"noopener noreferrer nofollow\" href=\"https:\/\/x.com\/share?url=https:\/\/allfixpro.de\/es\/gewerbe-renovierung-trends\/\" target=\"_blank\" class=\"wd-social-icon social-twitter\" aria-label=\"X social link\">\n\t\t\t\t\t\t<span class=\"wd-icon\"><\/span>\n\t\t\t\t\t\t\t\t\t\t\t<\/a>\n\t\t\t\t\n\t\t\t\t\n\t\t\t\t\n\t\t\t\t\n\t\t\t\t\n\t\t\t\t\n\t\t\t\t\t\t\t\t\t<a rel=\"noopener noreferrer nofollow\" href=\"https:\/\/pinterest.com\/pin\/create\/button\/?url=https:\/\/allfixpro.de\/es\/gewerbe-renovierung-trends\/&#038;media=https:\/\/allfixpro.de\/wp-content\/uploads\/2025\/07\/gewerbe_renovierung_trends.png.jpg&#038;description=13%20Gewerbe%20Renovierung%20Trends%3A%20Best%20Practices%20f%C3%BCr%20erfolgreiche%20Projekte\" target=\"_blank\" class=\"wd-social-icon social-pinterest\" aria-label=\"Pinterest social link\">\n\t\t\t\t\t\t<span class=\"wd-icon\"><\/span>\n\t\t\t\t\t\t\t\t\t\t\t<\/a>\n\t\t\t\t\n\t\t\t\t\n\t\t\t\t\t\t\t\t\t<a rel=\"noopener noreferrer nofollow\" href=\"https:\/\/www.linkedin.com\/shareArticle?mini=true&#038;url=https:\/\/allfixpro.de\/es\/gewerbe-renovierung-trends\/\" target=\"_blank\" class=\"wd-social-icon social-linkedin\" aria-label=\"Linkedin social link\">\n\t\t\t\t\t\t<span class=\"wd-icon\"><\/span>\n\t\t\t\t\t\t\t\t\t\t\t<\/a>\n\t\t\t\t\n\t\t\t\t\n\t\t\t\t\n\t\t\t\t\n\t\t\t\t\n\t\t\t\t\n\t\t\t\t\n\t\t\t\t\n\t\t\t\t\n\t\t\t\t\n\t\t\t\t\n\t\t\t\t\n\t\t\t\t\n\t\t\t\t\n\t\t\t\t\n\t\t\t\t\t\t\t\t\t<a rel=\"noopener noreferrer nofollow\" href=\"https:\/\/telegram.me\/share\/url?url=https:\/\/allfixpro.de\/es\/gewerbe-renovierung-trends\/\" target=\"_blank\" class=\"wd-social-icon social-tg\" aria-label=\"Telegram social link\">\n\t\t\t\t\t\t<span class=\"wd-icon\"><\/span>\n\t\t\t\t\t\t\t\t\t\t\t<\/a>\n\t\t\t\t\n\t\t\t\t\n\t\t\t<\/div>\n\n\t\t\t\t\t\t\t\t\t\t<\/div>\n\t\t\t\t\t\t\t\t<div class=\"tooltip-arrow\"><\/div>\n\t\t\t\t\t\t\t<\/div>\n\t\t\t\t\t\t<\/div>\n\t\t\t\t\t\n\t\t\t\t\t\t\t\t\t\t\t\t\t\t\t\t\t<div class=\"wd-post-reply wd-style-1\">\n\t\t\t\t\t\t\t<a href=\"https:\/\/allfixpro.de\/es\/gewerbe-renovierung-trends\/#respond\"><span class=\"wd-replies-count\">0<\/span><\/a>\t\t\t\t\t\t<\/div>\n\t\t\t\t\t\t\t\t\t<\/div>\n\t\t\t\n\t\t\t\t\t\t\t\t\t\t\t\t<div class=\"wd-post-excerpt entry-content\">\n\t\t\t\t\t\tRenovaci\u00f3n Comercial: Tendencias y Mejores Pr\u00e1cticas ...\t\t\t\t\t<\/div>\n\t\t\t\t\n\t\t\t\t\t\t\t\t\t\t\t\t\t\t<div class=\"wd-post-read-more wd-style-link read-more-section\">\n\t\t\t\t\t\t<a class=\"\" href=\"https:\/\/allfixpro.de\/es\/gewerbe-renovierung-trends\/\">Continue reading<\/a>\t\t\t\t\t<\/div>\n\t\t\t\t\t\t\t\t\t\t\t\t\t<\/div>\n\t<\/div>\n<\/article>\n\n\t\t\t\t\t\t\t\t\t\t\t\t\t\t\n<article id=\"post-806\" class=\"wd-post blog-design-masonry blog-post-loop blog-style-bg wd-add-shadow wd-col post-806 post type-post status-publish format-standard has-post-thumbnail hentry category-industrie_sanierung tag-effizienz tag-gebaeudestrategien tag-innovationen tag-nachhaltigkeit tag-smart-building\">\n\t<div class=\"wd-post-inner article-inner\">\n\t\t\t\t\t<div class=\"wd-post-thumb entry-header\">\n\t\t\t\t\t\t\t\t\t<div class=\"wd-post-img post-img-wrapp\">\n\t\t\t\t\t\t<img loading=\"lazy\" decoding=\"async\" width=\"1024\" height=\"701\" src=\"https:\/\/allfixpro.de\/wp-content\/uploads\/2025\/07\/intelligente_gebaeudestrategien.png-1024x701.jpg\" class=\"attachment-large size-large\" alt=\"Estrategias de construcci\u00f3n inteligente para propiedades comerciales\" srcset=\"https:\/\/allfixpro.de\/wp-content\/uploads\/2025\/07\/intelligente_gebaeudestrategien.png-1024x701.jpg 1024w, https:\/\/allfixpro.de\/wp-content\/uploads\/2025\/07\/intelligente_gebaeudestrategien.png-300x205.jpg 300w, https:\/\/allfixpro.de\/wp-content\/uploads\/2025\/07\/intelligente_gebaeudestrategien.png-768x525.jpg 768w, https:\/\/allfixpro.de\/wp-content\/uploads\/2025\/07\/intelligente_gebaeudestrategien.png-18x12.jpg 18w, https:\/\/allfixpro.de\/wp-content\/uploads\/2025\/07\/intelligente_gebaeudestrategien.png-600x411.jpg 600w, https:\/\/allfixpro.de\/wp-content\/uploads\/2025\/07\/intelligente_gebaeudestrategien.png-150x103.jpg 150w, https:\/\/allfixpro.de\/wp-content\/uploads\/2025\/07\/intelligente_gebaeudestrategien.png.jpg 1216w\" sizes=\"auto, (max-width: 1024px) 100vw, 1024px\" \/>\t\t\t\t\t<\/div>\n\t\t\t\t\t\t\t\t\t\t<a class=\"wd-fill\" tabindex=\"-1\" href=\"https:\/\/allfixpro.de\/es\/intelligente-gebaeudestrategien\/\" aria-label=\"Link on post 10 intelligente geb\u00e4udestrategien: Innovationen f\u00fcr moderne Gewerbeimmobilien im Fokus\"><\/a>\n\t\t\t\t\n\t\t\t\t\t\t\t\t\t\t\t\t<div class=\"wd-post-date wd-style-with-bg\">\n\t\t\t\t<span class=\"post-date-day\">\n\t\t\t\t\t05\t\t\t\t<\/span>\n\t\t\t\t<span class=\"post-date-month\">\n\t\t\t\t\tJul\t\t\t\t<\/span>\n\t\t\t<\/div>\n\t\t\t\t\t\t\t\t\t<\/div>\n\t\t\n\t\t<div class=\"wd-post-content article-body-container\">\n\t\t\t\t\t\t\t<div class=\"wd-post-cat wd-style-with-bg meta-post-categories\">\n\t\t\t\t\t<a href=\"https:\/\/allfixpro.de\/es\/category\/industrie_sanierung\/\" rel=\"category tag\">Renovaci\u00f3n industrial<\/a>\t\t\t\t<\/div>\n\t\t\t\n\t\t\t\t\t\t\t<h3 class=\"wd-post-title wd-entities-title title post-title\">\n\t\t\t\t\t<a href=\"https:\/\/allfixpro.de\/es\/intelligente-gebaeudestrategien\/\" rel=\"bookmark\">10 estrategias de edificios inteligentes: Enfoque en innovaciones para propiedades comerciales modernas<\/a>\n\t\t\t\t<\/h3>\n\t\t\t\n\t\t\t\t\t\t\t<div class=\"wd-post-meta\">\n\t\t\t\t\t\t\t\t\t\t\t\t\t\t\t<div class=\"wd-post-author\">\n\t\t\t\t\t\t\t\t\t\t\t<span>Posted by<\/span>\n\t\t\n\t\t\t\t\t<img alt='avatar del autor' src='https:\/\/allfixpro.de\/wp-content\/litespeed\/avatar\/e66620e49ddaa024b23494cabec611c7.jpg?ver=1776970137' srcset='https:\/\/allfixpro.de\/wp-content\/litespeed\/avatar\/5c174d9096d821ff16aaf764393c4f39.jpg?ver=1776970137 2x' class='avatar avatar-18 photo' height='18' width='18' \/>\t\t\n\t\t\t\t\t<a href=\"https:\/\/allfixpro.de\/es\/author\/allfixpro1gmail-com\/\" class=\"author\" rel=\"author\">allfixpro1@gmail.com<\/a>\n\t\t\t\t\t\t\t\t\t<\/div>\n\t\t\t\t\t<div class=\"wd-modified-date\">\n\t\t\t\t\t\t\t\t<time class=\"updated\" datetime=\"2025-07-01T17:21:56+00:00\">\n\t\t\t1 de julio de 2025\t\t<\/time>\n\t\t\t\t\t\t\t<\/div>\n\n\t\t\t\t\t\t\t\t\t\t\t<div tabindex=\"0\" class=\"wd-post-share wd-tltp\">\n\t\t\t\t\t\t\t<div class=\"tooltip top\">\n\t\t\t\t\t\t\t\t<div class=\"tooltip-inner\">\n\t\t\t\t\t\t\t\t\t\t\t\t<div\n\t\t\t\t\t\tclass=\"wd-social-icons wd-style-default wd-size-small social-share wd-shape-circle color-scheme-light text-center\">\n\t\t\t\t\n\t\t\t\t\n\t\t\t\t\t\t\t\t\t<a rel=\"noopener noreferrer nofollow\" href=\"https:\/\/www.facebook.com\/sharer\/sharer.php?u=https:\/\/allfixpro.de\/es\/intelligente-gebaeudestrategien\/\" target=\"_blank\" class=\"wd-social-icon social-facebook\" aria-label=\"Facebook social link\">\n\t\t\t\t\t\t<span class=\"wd-icon\"><\/span>\n\t\t\t\t\t\t\t\t\t\t\t<\/a>\n\t\t\t\t\n\t\t\t\t\t\t\t\t\t<a rel=\"noopener noreferrer nofollow\" href=\"https:\/\/x.com\/share?url=https:\/\/allfixpro.de\/es\/intelligente-gebaeudestrategien\/\" target=\"_blank\" class=\"wd-social-icon social-twitter\" aria-label=\"X social link\">\n\t\t\t\t\t\t<span class=\"wd-icon\"><\/span>\n\t\t\t\t\t\t\t\t\t\t\t<\/a>\n\t\t\t\t\n\t\t\t\t\n\t\t\t\t\n\t\t\t\t\n\t\t\t\t\n\t\t\t\t\n\t\t\t\t\t\t\t\t\t<a rel=\"noopener noreferrer nofollow\" href=\"https:\/\/pinterest.com\/pin\/create\/button\/?url=https:\/\/allfixpro.de\/es\/intelligente-gebaeudestrategien\/&#038;media=https:\/\/allfixpro.de\/wp-content\/uploads\/2025\/07\/intelligente_gebaeudestrategien.png.jpg&#038;description=10%20intelligente%20geb%C3%A4udestrategien%3A%20Innovationen%20f%C3%BCr%20moderne%20Gewerbeimmobilien%20im%20Fokus\" target=\"_blank\" class=\"wd-social-icon social-pinterest\" aria-label=\"Pinterest social link\">\n\t\t\t\t\t\t<span class=\"wd-icon\"><\/span>\n\t\t\t\t\t\t\t\t\t\t\t<\/a>\n\t\t\t\t\n\t\t\t\t\n\t\t\t\t\t\t\t\t\t<a rel=\"noopener noreferrer nofollow\" href=\"https:\/\/www.linkedin.com\/shareArticle?mini=true&#038;url=https:\/\/allfixpro.de\/es\/intelligente-gebaeudestrategien\/\" target=\"_blank\" class=\"wd-social-icon social-linkedin\" aria-label=\"Linkedin social link\">\n\t\t\t\t\t\t<span class=\"wd-icon\"><\/span>\n\t\t\t\t\t\t\t\t\t\t\t<\/a>\n\t\t\t\t\n\t\t\t\t\n\t\t\t\t\n\t\t\t\t\n\t\t\t\t\n\t\t\t\t\n\t\t\t\t\n\t\t\t\t\n\t\t\t\t\n\t\t\t\t\n\t\t\t\t\n\t\t\t\t\n\t\t\t\t\n\t\t\t\t\n\t\t\t\t\n\t\t\t\t\t\t\t\t\t<a rel=\"noopener noreferrer nofollow\" href=\"https:\/\/telegram.me\/share\/url?url=https:\/\/allfixpro.de\/es\/intelligente-gebaeudestrategien\/\" target=\"_blank\" class=\"wd-social-icon social-tg\" aria-label=\"Telegram social link\">\n\t\t\t\t\t\t<span class=\"wd-icon\"><\/span>\n\t\t\t\t\t\t\t\t\t\t\t<\/a>\n\t\t\t\t\n\t\t\t\t\n\t\t\t<\/div>\n\n\t\t\t\t\t\t\t\t\t\t<\/div>\n\t\t\t\t\t\t\t\t<div class=\"tooltip-arrow\"><\/div>\n\t\t\t\t\t\t\t<\/div>\n\t\t\t\t\t\t<\/div>\n\t\t\t\t\t\n\t\t\t\t\t\t\t\t\t\t\t\t\t\t\t\t\t<div class=\"wd-post-reply wd-style-1\">\n\t\t\t\t\t\t\t<a href=\"https:\/\/allfixpro.de\/es\/intelligente-gebaeudestrategien\/#respond\"><span class=\"wd-replies-count\">0<\/span><\/a>\t\t\t\t\t\t<\/div>\n\t\t\t\t\t\t\t\t\t<\/div>\n\t\t\t\n\t\t\t\t\t\t\t\t\t\t\t\t<div class=\"wd-post-excerpt entry-content\">\n\t\t\t\t\t\t# Estrategias de edificios inteligentes: Innovaciones para edificios modernos...\t\t\t\t\t<\/div>\n\t\t\t\t\n\t\t\t\t\t\t\t\t\t\t\t\t\t\t<div class=\"wd-post-read-more wd-style-link read-more-section\">\n\t\t\t\t\t\t<a class=\"\" href=\"https:\/\/allfixpro.de\/es\/intelligente-gebaeudestrategien\/\">Continue reading<\/a>\t\t\t\t\t<\/div>\n\t\t\t\t\t\t\t\t\t\t\t\t\t<\/div>\n\t<\/div>\n<\/article>\n\n\t\t\t\t\t\t\t\t\t\t\t\t\t\t\n<article id=\"post-800\" class=\"wd-post blog-design-masonry blog-post-loop blog-style-bg wd-add-shadow wd-col post-800 post type-post status-publish format-standard has-post-thumbnail hentry category-nachhaltiges_bauen tag-deutschland tag-energieeffizienz tag-nachhaltiges-bauen tag-ressourcenschonung tag-umweltbewusstsein\">\n\t<div class=\"wd-post-inner article-inner\">\n\t\t\t\t\t<div class=\"wd-post-thumb entry-header\">\n\t\t\t\t\t\t\t\t\t<div class=\"wd-post-img post-img-wrapp\">\n\t\t\t\t\t\t<img loading=\"lazy\" decoding=\"async\" width=\"1024\" height=\"701\" src=\"https:\/\/allfixpro.de\/wp-content\/uploads\/2025\/06\/energieeffizienz_strategien.png-1024x701.jpg\" class=\"attachment-large size-large\" alt=\"Estrategias de eficiencia energ\u00e9tica para la construcci\u00f3n sostenible\" srcset=\"https:\/\/allfixpro.de\/wp-content\/uploads\/2025\/06\/energieeffizienz_strategien.png-1024x701.jpg 1024w, https:\/\/allfixpro.de\/wp-content\/uploads\/2025\/06\/energieeffizienz_strategien.png-300x205.jpg 300w, https:\/\/allfixpro.de\/wp-content\/uploads\/2025\/06\/energieeffizienz_strategien.png-768x525.jpg 768w, https:\/\/allfixpro.de\/wp-content\/uploads\/2025\/06\/energieeffizienz_strategien.png-18x12.jpg 18w, https:\/\/allfixpro.de\/wp-content\/uploads\/2025\/06\/energieeffizienz_strategien.png-600x411.jpg 600w, https:\/\/allfixpro.de\/wp-content\/uploads\/2025\/06\/energieeffizienz_strategien.png-150x103.jpg 150w, https:\/\/allfixpro.de\/wp-content\/uploads\/2025\/06\/energieeffizienz_strategien.png.jpg 1216w\" sizes=\"auto, (max-width: 1024px) 100vw, 1024px\" \/>\t\t\t\t\t<\/div>\n\t\t\t\t\t\t\t\t\t\t<a class=\"wd-fill\" tabindex=\"-1\" href=\"https:\/\/allfixpro.de\/es\/energieeffizienz-strategien\/\" aria-label=\"Link on post Energieeffizienz Strategien: Schl\u00fcssel zu nachhaltigem Bauen in Deutschland\"><\/a>\n\t\t\t\t\n\t\t\t\t\t\t\t\t\t\t\t\t<div class=\"wd-post-date wd-style-with-bg\">\n\t\t\t\t<span class=\"post-date-day\">\n\t\t\t\t\t01\t\t\t\t<\/span>\n\t\t\t\t<span class=\"post-date-month\">\n\t\t\t\t\tJul\t\t\t\t<\/span>\n\t\t\t<\/div>\n\t\t\t\t\t\t\t\t\t<\/div>\n\t\t\n\t\t<div class=\"wd-post-content article-body-container\">\n\t\t\t\t\t\t\t<div class=\"wd-post-cat wd-style-with-bg meta-post-categories\">\n\t\t\t\t\t<a href=\"https:\/\/allfixpro.de\/es\/category\/nachhaltiges_bauen\/\" rel=\"category tag\">Construcci\u00f3n sostenible<\/a>\t\t\t\t<\/div>\n\t\t\t\n\t\t\t\t\t\t\t<h3 class=\"wd-post-title wd-entities-title title post-title\">\n\t\t\t\t\t<a href=\"https:\/\/allfixpro.de\/es\/energieeffizienz-strategien\/\" rel=\"bookmark\">Estrategias de eficiencia energ\u00e9tica: clave para la construcci\u00f3n sostenible en Alemania<\/a>\n\t\t\t\t<\/h3>\n\t\t\t\n\t\t\t\t\t\t\t<div class=\"wd-post-meta\">\n\t\t\t\t\t\t\t\t\t\t\t\t\t\t\t<div class=\"wd-post-author\">\n\t\t\t\t\t\t\t\t\t\t\t<span>Posted by<\/span>\n\t\t\n\t\t\t\t\t<img alt='avatar del autor' src='https:\/\/allfixpro.de\/wp-content\/litespeed\/avatar\/e66620e49ddaa024b23494cabec611c7.jpg?ver=1776970137' srcset='https:\/\/allfixpro.de\/wp-content\/litespeed\/avatar\/5c174d9096d821ff16aaf764393c4f39.jpg?ver=1776970137 2x' class='avatar avatar-18 photo' height='18' width='18' \/>\t\t\n\t\t\t\t\t<a href=\"https:\/\/allfixpro.de\/es\/author\/allfixpro1gmail-com\/\" class=\"author\" rel=\"author\">allfixpro1@gmail.com<\/a>\n\t\t\t\t\t\t\t\t\t<\/div>\n\t\t\t\t\t<div class=\"wd-modified-date\">\n\t\t\t\t\t\t\t\t<time class=\"updated\" datetime=\"2025-06-28T06:10:52+00:00\">\n\t\t\t28 de junio de 2025\t\t<\/time>\n\t\t\t\t\t\t\t<\/div>\n\n\t\t\t\t\t\t\t\t\t\t\t<div tabindex=\"0\" class=\"wd-post-share wd-tltp\">\n\t\t\t\t\t\t\t<div class=\"tooltip top\">\n\t\t\t\t\t\t\t\t<div class=\"tooltip-inner\">\n\t\t\t\t\t\t\t\t\t\t\t\t<div\n\t\t\t\t\t\tclass=\"wd-social-icons wd-style-default wd-size-small social-share wd-shape-circle color-scheme-light text-center\">\n\t\t\t\t\n\t\t\t\t\n\t\t\t\t\t\t\t\t\t<a rel=\"noopener noreferrer nofollow\" href=\"https:\/\/www.facebook.com\/sharer\/sharer.php?u=https:\/\/allfixpro.de\/es\/energieeffizienz-strategien\/\" target=\"_blank\" class=\"wd-social-icon social-facebook\" aria-label=\"Facebook social link\">\n\t\t\t\t\t\t<span class=\"wd-icon\"><\/span>\n\t\t\t\t\t\t\t\t\t\t\t<\/a>\n\t\t\t\t\n\t\t\t\t\t\t\t\t\t<a rel=\"noopener noreferrer nofollow\" href=\"https:\/\/x.com\/share?url=https:\/\/allfixpro.de\/es\/energieeffizienz-strategien\/\" target=\"_blank\" class=\"wd-social-icon social-twitter\" aria-label=\"X social link\">\n\t\t\t\t\t\t<span class=\"wd-icon\"><\/span>\n\t\t\t\t\t\t\t\t\t\t\t<\/a>\n\t\t\t\t\n\t\t\t\t\n\t\t\t\t\n\t\t\t\t\n\t\t\t\t\n\t\t\t\t\n\t\t\t\t\t\t\t\t\t<a rel=\"noopener noreferrer nofollow\" href=\"https:\/\/pinterest.com\/pin\/create\/button\/?url=https:\/\/allfixpro.de\/es\/energieeffizienz-strategien\/&#038;media=https:\/\/allfixpro.de\/wp-content\/uploads\/2025\/06\/energieeffizienz_strategien.png.jpg&#038;description=Energieeffizienz%20Strategien%3A%20Schl%C3%BCssel%20zu%20nachhaltigem%20Bauen%20in%20Deutschland\" target=\"_blank\" class=\"wd-social-icon social-pinterest\" aria-label=\"Pinterest social link\">\n\t\t\t\t\t\t<span class=\"wd-icon\"><\/span>\n\t\t\t\t\t\t\t\t\t\t\t<\/a>\n\t\t\t\t\n\t\t\t\t\n\t\t\t\t\t\t\t\t\t<a rel=\"noopener noreferrer nofollow\" href=\"https:\/\/www.linkedin.com\/shareArticle?mini=true&#038;url=https:\/\/allfixpro.de\/es\/energieeffizienz-strategien\/\" target=\"_blank\" class=\"wd-social-icon social-linkedin\" aria-label=\"Linkedin social link\">\n\t\t\t\t\t\t<span class=\"wd-icon\"><\/span>\n\t\t\t\t\t\t\t\t\t\t\t<\/a>\n\t\t\t\t\n\t\t\t\t\n\t\t\t\t\n\t\t\t\t\n\t\t\t\t\n\t\t\t\t\n\t\t\t\t\n\t\t\t\t\n\t\t\t\t\n\t\t\t\t\n\t\t\t\t\n\t\t\t\t\n\t\t\t\t\n\t\t\t\t\n\t\t\t\t\n\t\t\t\t\t\t\t\t\t<a rel=\"noopener noreferrer nofollow\" href=\"https:\/\/telegram.me\/share\/url?url=https:\/\/allfixpro.de\/es\/energieeffizienz-strategien\/\" target=\"_blank\" class=\"wd-social-icon social-tg\" aria-label=\"Telegram social link\">\n\t\t\t\t\t\t<span class=\"wd-icon\"><\/span>\n\t\t\t\t\t\t\t\t\t\t\t<\/a>\n\t\t\t\t\n\t\t\t\t\n\t\t\t<\/div>\n\n\t\t\t\t\t\t\t\t\t\t<\/div>\n\t\t\t\t\t\t\t\t<div class=\"tooltip-arrow\"><\/div>\n\t\t\t\t\t\t\t<\/div>\n\t\t\t\t\t\t<\/div>\n\t\t\t\t\t\n\t\t\t\t\t\t\t\t\t\t\t\t\t\t\t\t\t<div class=\"wd-post-reply wd-style-1\">\n\t\t\t\t\t\t\t<a href=\"https:\/\/allfixpro.de\/es\/energieeffizienz-strategien\/#respond\"><span class=\"wd-replies-count\">0<\/span><\/a>\t\t\t\t\t\t<\/div>\n\t\t\t\t\t\t\t\t\t<\/div>\n\t\t\t\n\t\t\t\t\t\t\t\t\t\t\t\t<div class=\"wd-post-excerpt entry-content\">\n\t\t\t\t\t\tEl papel de la eficiencia energ\u00e9tica en la construcci\u00f3n sostenible en Alemania...\t\t\t\t\t<\/div>\n\t\t\t\t\n\t\t\t\t\t\t\t\t\t\t\t\t\t\t<div class=\"wd-post-read-more wd-style-link read-more-section\">\n\t\t\t\t\t\t<a class=\"\" href=\"https:\/\/allfixpro.de\/es\/energieeffizienz-strategien\/\">Continue reading<\/a>\t\t\t\t\t<\/div>\n\t\t\t\t\t\t\t\t\t\t\t\t\t<\/div>\n\t<\/div>\n<\/article>\n\n\t\t\t\t\n\t\t\t\t\t\t\t\t<\/div>\n\t\t\t\n\t\t\t\t\t\t\t\t\t\t<\/div>\n\t\t\t\t\t\t\t\t\t\t<\/div>\n\t\t\t\t<\/div>\n\t\t\t\t<div class=\"elementor-element elementor-element-6b2ebc5a elementor-widget elementor-widget-spacer\" data-id=\"6b2ebc5a\" data-element_type=\"widget\" data-e-type=\"widget\" data-widget_type=\"spacer.default\">\n\t\t\t\t<div class=\"elementor-widget-container\">\n\t\t\t\t\t\t\t<div class=\"elementor-spacer\">\n\t\t\t<div class=\"elementor-spacer-inner\"><\/div>\n\t\t<\/div>\n\t\t\t\t\t\t<\/div>\n\t\t\t\t<\/div>\n\t\t\t\t<div class=\"elementor-element elementor-element-66a75b67 elementor-widget elementor-widget-spacer\" data-id=\"66a75b67\" data-element_type=\"widget\" data-e-type=\"widget\" data-widget_type=\"spacer.default\">\n\t\t\t\t<div class=\"elementor-widget-container\">\n\t\t\t\t\t\t\t<div class=\"elementor-spacer\">\n\t\t\t<div class=\"elementor-spacer-inner\"><\/div>\n\t\t<\/div>\n\t\t\t\t\t\t<\/div>\n\t\t\t\t<\/div>\n\t\t\t\t\t<\/div>\n\t\t<\/div>\n\t\t\t\t\t<\/div>\n\t\t<\/section>\n\t\t\t\t<\/div>","protected":false},"excerpt":{"rendered":"<p>Blog und Informationen 01 Juli Nachhaltiges Bauen Energieeffizienz Strategien: Schl\u00fcssel zu nachhaltigem Bauen in Deutschland Posted by allfixpro1@gmail.com Juni 28,<\/p>","protected":false},"author":1,"featured_media":0,"parent":0,"menu_order":0,"comment_status":"closed","ping_status":"closed","template":"","meta":{"footnotes":""},"class_list":["post-295","page","type-page","status-publish","hentry"],"_links":{"self":[{"href":"https:\/\/allfixpro.de\/es\/wp-json\/wp\/v2\/pages\/295","targetHints":{"allow":["GET"]}}],"collection":[{"href":"https:\/\/allfixpro.de\/es\/wp-json\/wp\/v2\/pages"}],"about":[{"href":"https:\/\/allfixpro.de\/es\/wp-json\/wp\/v2\/types\/page"}],"author":[{"embeddable":true,"href":"https:\/\/allfixpro.de\/es\/wp-json\/wp\/v2\/users\/1"}],"replies":[{"embeddable":true,"href":"https:\/\/allfixpro.de\/es\/wp-json\/wp\/v2\/comments?post=295"}],"version-history":[{"count":29,"href":"https:\/\/allfixpro.de\/es\/wp-json\/wp\/v2\/pages\/295\/revisions"}],"predecessor-version":[{"id":836,"href":"https:\/\/allfixpro.de\/es\/wp-json\/wp\/v2\/pages\/295\/revisions\/836"}],"wp:attachment":[{"href":"https:\/\/allfixpro.de\/es\/wp-json\/wp\/v2\/media?parent=295"}],"curies":[{"name":"wp","href":"https:\/\/api.w.org\/{rel}","templated":true}]}}